{"id":16708,"date":"2024-09-04T16:36:49","date_gmt":"2024-09-04T14:36:49","guid":{"rendered":"https:\/\/cms.zdv.uni-mainz.de\/fb07-geschichte\/learning-and-teaching\/projects-in-learning-and-teaching\/"},"modified":"2026-04-20T11:59:56","modified_gmt":"2026-04-20T09:59:56","slug":"projects-in-learning-and-teaching","status":"publish","type":"page","link":"https:\/\/www.geschichte.uni-mainz.de\/en\/learning-and-teaching\/projects-in-learning-and-teaching\/","title":{"rendered":"Projects in Learning and Teaching"},"content":{"rendered":"<jgu-base-pageheader react-props=\"{\n    &quot;items&quot;: [\n        {\n            &quot;box&quot;: {\n                &quot;index&quot;: &quot;Learning and Teaching&quot;,\n                &quot;title&quot;: &quot;Projects in Learning and Teaching &quot;,\n                &quot;link&quot;: {\n                    &quot;url&quot;: &quot;&quot;,\n                    &quot;title&quot;: &quot;learn more&quot;\n                }\n            },\n            &quot;color&quot;: &quot;default&quot;,\n            &quot;image&quot;: {\n                &quot;url&quot;: &quot;&quot;\n            },\n            &quot;imgCredit&quot;: &quot;&quot;,\n            &quot;useVideo&quot;: false,\n            &quot;video&quot;: false\n        }\n    ],\n    &quot;type&quot;: &quot;border&quot;,\n    &quot;useBreadcrumb&quot;: true,\n    &quot;align&quot;: &quot;full&quot;,\n    &quot;quicklinks&quot;: {\n        &quot;show&quot;: false,\n        &quot;selects&quot;: []\n    }\n}\">\n<\/jgu-base-pageheader><jgu-base-anchornavigation react-props=\"{\n    &quot;align&quot;: &quot;wide&quot;,\n    &quot;theme&quot;: &quot;white&quot;\n}\">\n    \n<\/jgu-base-anchornavigation><jgu-base-section react-props=\"{&quot;color&quot;:&quot;white&quot;,&quot;align&quot;:&quot;wide&quot;,&quot;padding&quot;:&quot;medium&quot;}\">\n<div class=\"jgu-bgsection bg bg-white\"><div class=\"content padding-medium\"><div\n\tclass=\"jgu-anchorpoint\"\n\tid=\"digital-project-based-learning\"\n\tdata-label=\"Digital Project-based Learning\"\n\tdata-hide-in-nav=\"false\"\n\ttabindex=\"0\"\n\tdata-initial-scroll=\"true\"\n><\/div>\n\n\n<jgu-base-heading react-props=\"{\n    &quot;index&quot;: &quot;Projects in learning and teaching&quot;,\n    &quot;tags&quot;: {\n        &quot;htmlTag&quot;: &quot;h2&quot;,\n        &quot;classTag&quot;: &quot;&quot;,\n        &quot;tag&quot;: &quot;h2&quot;\n    },\n    &quot;heading&quot;: &quot;Digital Project-based Learning&quot;,\n    &quot;textAlign&quot;: &quot;left&quot;,\n    &quot;anchor&quot;: &quot;&quot;,\n    &quot;color&quot;: &quot;red&quot;\n}\"><\/jgu-base-heading>\n\n\n<jgu-base-tabs react-props=\"{\n    &quot;align&quot;: &quot;wide&quot;,\n    &quot;selected&quot;: 1,\n    &quot;ratio&quot;: 0,\n    &quot;autoRatio&quot;: true,\n    &quot;stackMobile&quot;: false,\n    &quot;hasAllOpenButton&quot;: true,\n    &quot;onlyOne&quot;: false,\n    &quot;initAllClosed&quot;: true,\n    &quot;enableSearch&quot;: false,\n    &quot;layout&quot;: {\n        &quot;type&quot;: &quot;flex&quot;,\n        &quot;flexWrap&quot;: &quot;nowrap&quot;,\n        &quot;justifyContent&quot;: &quot;space-between&quot;,\n        &quot;orientation&quot;: &quot;horizontal&quot;\n    }\n}\">\n    \n<jgu-base-tabsitem react-props=\"{\n    &quot;title&quot;: &quot;Teaching projects with web presence&quot;,\n    &quot;slug&quot;: &quot;teaching-projects-with-web-presence&quot;,\n    &quot;align&quot;: &quot;wide&quot;,\n    &quot;customSlug&quot;: false\n}\">\n    \n<jgu-base-slider react-props=\"{&quot;slidesCount&quot;:5,&quot;responsiveSettings&quot;:{&quot;mobile&quot;:{&quot;perPage&quot;:1,&quot;arrows&quot;:true,&quot;pagination&quot;:false,&quot;width&quot;:&quot;100%&quot;},&quot;tablet&quot;:{&quot;perPage&quot;:2,&quot;arrows&quot;:true,&quot;pagination&quot;:false,&quot;width&quot;:&quot;100%&quot;},&quot;desktop&quot;:{&quot;perPage&quot;:3,&quot;arrows&quot;:true,&quot;pagination&quot;:false,&quot;width&quot;:&quot;100%&quot;},&quot;desktop-xl&quot;:{&quot;perPage&quot;:3,&quot;arrows&quot;:true,&quot;pagination&quot;:false,&quot;width&quot;:&quot;100%&quot;}},&quot;perPage&quot;:3,&quot;type&quot;:&quot;&quot;,&quot;template&quot;:&quot;&quot;,&quot;useNumbers&quot;:false,&quot;scrollDistance&quot;:&quot;screen&quot;}\">\n    \n\n<jgu-base-teaserbox react-props=\"{\n    &quot;headline&quot;: {\n        &quot;htmlTag&quot;: &quot;h2&quot;,\n        &quot;classTag&quot;: &quot;&quot;,\n        &quot;tag&quot;: &quot;h2&quot;\n    },\n    &quot;image&quot;: {\n        &quot;id&quot;: 9674,\n        &quot;url&quot;: &quot;https:\\\/\\\/cms.zdv.uni-mainz.de\\\/fb07-geschichte\\\/wp-content\\\/uploads\\\/sites\\\/330\\\/2024\\\/09\\\/startbahnwest.jpg&quot;,\n        &quot;title&quot;: &quot;startbahnwest&quot;,\n        &quot;width&quot;: 975,\n        &quot;height&quot;: 495,\n        &quot;srcset&quot;: &quot;https:\\\/\\\/cms.zdv.uni-mainz.de\\\/fb07-geschichte\\\/wp-content\\\/uploads\\\/sites\\\/330\\\/2024\\\/09\\\/startbahnwest.jpg 975w, https:\\\/\\\/cms.zdv.uni-mainz.de\\\/fb07-geschichte\\\/wp-content\\\/uploads\\\/sites\\\/330\\\/2024\\\/09\\\/startbahnwest-300x152.jpg 300w, https:\\\/\\\/cms.zdv.uni-mainz.de\\\/fb07-geschichte\\\/wp-content\\\/uploads\\\/sites\\\/330\\\/2024\\\/09\\\/startbahnwest-768x390.jpg 768w&quot;\n    },\n    &quot;color&quot;: &quot;orange&quot;,\n    &quot;index&quot;: &quot;Teaching Project&quot;,\n    &quot;title&quot;: &quot;The Runway 18 West Dispute&quot;,\n    &quot;excerpt&quot;: &quot;The dispute surrounding Runway 18 West is perhaps the most violent conflict that the Federal Republic of Germany has experienced. It shaped the debate about legitimate forms of protest and led to new strategies for conflict resolution. This project has traced the history of the Runway 18 West conflict in collaboration with actors in the region.&quot;,\n    &quot;linkTitle&quot;: &quot;learn more&quot;,\n    &quot;link&quot;: {\n        &quot;url&quot;: &quot;https:\\\/\\\/startbahn.geschichte.uni-mainz.de\\\/&quot;,\n        &quot;id&quot;: &quot;https:\\\/\\\/startbahn.geschichte.uni-mainz.de\\\/&quot;,\n        &quot;title&quot;: &quot;https:\\\/\\\/startbahn.geschichte.uni-mainz.de\\\/&quot;,\n        &quot;type&quot;: &quot;link&quot;,\n        &quot;opensInNewTab&quot;: true\n    },\n    &quot;template&quot;: &quot;red_h4&quot;,\n    &quot;align&quot;: &quot;wide&quot;,\n    &quot;icon&quot;: &quot;&quot;,\n    &quot;iconColor&quot;: &quot;default&quot;,\n    &quot;isCalendar&quot;: false,\n    &quot;iconBoxed&quot;: false,\n    &quot;useLinkList&quot;: false,\n    &quot;linkList&quot;: {},\n    &quot;hideThumbnail&quot;: false,\n    &quot;type&quot;: &quot;boxed&quot;,\n    &quot;linkStyle&quot;: &quot;default&quot;,\n    &quot;overboxImage&quot;: false,\n    &quot;differingHeadlineColor&quot;: false,\n    &quot;headlineColor&quot;: &quot;&quot;,\n    &quot;textPositionBottom&quot;: false,\n    &quot;video&quot;: {\n        &quot;provider&quot;: &quot;youtube&quot;,\n        &quot;id&quot;: &quot;&quot;,\n        &quot;poster&quot;: &quot;&quot;\n    },\n    &quot;audioUrl&quot;: &quot;&quot;,\n    &quot;unbound&quot;: false\n}\">\n    \n<\/jgu-base-teaserbox>\n\n\n\n<jgu-base-teaserbox react-props=\"{\n    &quot;headline&quot;: {\n        &quot;htmlTag&quot;: &quot;h2&quot;,\n        &quot;classTag&quot;: &quot;&quot;,\n        &quot;tag&quot;: &quot;h2&quot;\n    },\n    &quot;image&quot;: {\n        &quot;id&quot;: 9677,\n        &quot;url&quot;: &quot;https:\\\/\\\/cms.zdv.uni-mainz.de\\\/fb07-geschichte\\\/wp-content\\\/uploads\\\/sites\\\/330\\\/2024\\\/09\\\/mainz30jaehrigerkrieg.jpg&quot;,\n        &quot;title&quot;: &quot;mainz30jaehrigerkrieg&quot;,\n        &quot;width&quot;: 986,\n        &quot;height&quot;: 280,\n        &quot;srcset&quot;: &quot;https:\\\/\\\/cms.zdv.uni-mainz.de\\\/fb07-geschichte\\\/wp-content\\\/uploads\\\/sites\\\/330\\\/2024\\\/09\\\/mainz30jaehrigerkrieg.jpg 986w, https:\\\/\\\/cms.zdv.uni-mainz.de\\\/fb07-geschichte\\\/wp-content\\\/uploads\\\/sites\\\/330\\\/2024\\\/09\\\/mainz30jaehrigerkrieg-300x85.jpg 300w, https:\\\/\\\/cms.zdv.uni-mainz.de\\\/fb07-geschichte\\\/wp-content\\\/uploads\\\/sites\\\/330\\\/2024\\\/09\\\/mainz30jaehrigerkrieg-768x218.jpg 768w&quot;\n    },\n    &quot;color&quot;: &quot;orange&quot;,\n    &quot;index&quot;: &quot;Teaching Project&quot;,\n    &quot;title&quot;: &quot;Mainz im &lt;br&gt;Drei\\u00dfigj\\u00e4hrigen Krieg&quot;,\n    &quot;excerpt&quot;: &quot;Ein Editionsprojekt von Studierenden des Historischen Seminars. Denn obgleich Teile der Mainzer Stadtgeschichte gut erforscht sind, gilt dies nicht f\\u00fcr die Zeit des Drei\\u00dfigj\\u00e4hrigen Kriegs. Bisher liegt keine ausf\\u00fchrliche Literatur vor, geschweige denn edierte Quellen. Das Projekt an macht nicht ver\\u00f6ffentlichte Quellen ausfindig und arbeitet sie auf.&quot;,\n    &quot;linkTitle&quot;: &quot;learn more&quot;,\n    &quot;link&quot;: {\n        &quot;url&quot;: &quot;http:\\\/\\\/www.mainz-30jaehriger-krieg.de\\\/&quot;,\n        &quot;id&quot;: &quot;http:\\\/\\\/www.mainz-30jaehriger-krieg.de\\\/&quot;,\n        &quot;title&quot;: &quot;http:\\\/\\\/www.mainz-30jaehriger-krieg.de\\\/&quot;,\n        &quot;type&quot;: &quot;link&quot;,\n        &quot;opensInNewTab&quot;: true\n    },\n    &quot;align&quot;: &quot;wide&quot;,\n    &quot;icon&quot;: &quot;&quot;,\n    &quot;iconColor&quot;: &quot;default&quot;,\n    &quot;isCalendar&quot;: false,\n    &quot;iconBoxed&quot;: false,\n    &quot;useLinkList&quot;: false,\n    &quot;linkList&quot;: {},\n    &quot;hideThumbnail&quot;: false,\n    &quot;type&quot;: &quot;boxed&quot;,\n    &quot;linkStyle&quot;: &quot;default&quot;,\n    &quot;overboxImage&quot;: false,\n    &quot;differingHeadlineColor&quot;: false,\n    &quot;headlineColor&quot;: &quot;&quot;,\n    &quot;textPositionBottom&quot;: false,\n    &quot;template&quot;: &quot;&quot;,\n    &quot;video&quot;: {\n        &quot;provider&quot;: &quot;youtube&quot;,\n        &quot;id&quot;: &quot;&quot;,\n        &quot;poster&quot;: &quot;&quot;\n    },\n    &quot;audioUrl&quot;: &quot;&quot;,\n    &quot;unbound&quot;: false\n}\">\n    \n<\/jgu-base-teaserbox>\n\n\n\n<jgu-base-teaserbox react-props=\"{\n    &quot;headline&quot;: {\n        &quot;htmlTag&quot;: &quot;h2&quot;,\n        &quot;classTag&quot;: &quot;&quot;,\n        &quot;tag&quot;: &quot;h2&quot;\n    },\n    &quot;image&quot;: {\n        &quot;id&quot;: 9680,\n        &quot;url&quot;: &quot;https:\\\/\\\/cms.zdv.uni-mainz.de\\\/fb07-geschichte\\\/wp-content\\\/uploads\\\/sites\\\/330\\\/2024\\\/09\\\/napoleonische-kriege.jpg&quot;,\n        &quot;title&quot;: &quot;napoleonische-kriege&quot;,\n        &quot;width&quot;: 896,\n        &quot;height&quot;: 507,\n        &quot;srcset&quot;: &quot;https:\\\/\\\/cms.zdv.uni-mainz.de\\\/fb07-geschichte\\\/wp-content\\\/uploads\\\/sites\\\/330\\\/2024\\\/09\\\/napoleonische-kriege.jpg 896w, https:\\\/\\\/cms.zdv.uni-mainz.de\\\/fb07-geschichte\\\/wp-content\\\/uploads\\\/sites\\\/330\\\/2024\\\/09\\\/napoleonische-kriege-300x170.jpg 300w, https:\\\/\\\/cms.zdv.uni-mainz.de\\\/fb07-geschichte\\\/wp-content\\\/uploads\\\/sites\\\/330\\\/2024\\\/09\\\/napoleonische-kriege-768x435.jpg 768w&quot;\n    },\n    &quot;color&quot;: &quot;orange&quot;,\n    &quot;index&quot;: &quot;Teaching Project&quot;,\n    &quot;title&quot;: &quot;Napoleonische &lt;br&gt;Kriege&quot;,\n    &quot;excerpt&quot;: &quot;Aspekte der Geschichte der kriegerischen Auseinandersetzungen sowie ihrer Erinnerung werden vorgestellt. Das Projekt entstand aus der Tagung \\u201eDie Napoleonischen Kriege als europ\\u00e4ischer Erinnerungsort\\u201c des Historischen Seminars in Zusammenarbeit mit der Stiftung Kulturwerk Schlesien, der Deutsch-Franz\\u00f6sischen Kulturstiftung und dem Schlesischen Museum zu G\\u00f6rlitz veranstaltete. &quot;,\n    &quot;linkTitle&quot;: &quot;learn more&quot;,\n    &quot;link&quot;: {\n        &quot;url&quot;: &quot;https:\\\/\\\/www.napoleonischekriege.uni-mainz.de\\\/&quot;,\n        &quot;id&quot;: &quot;https:\\\/\\\/www.napoleonischekriege.uni-mainz.de\\\/&quot;,\n        &quot;title&quot;: &quot;https:\\\/\\\/www.napoleonischekriege.uni-mainz.de\\\/&quot;,\n        &quot;type&quot;: &quot;link&quot;,\n        &quot;opensInNewTab&quot;: true\n    },\n    &quot;align&quot;: &quot;wide&quot;,\n    &quot;icon&quot;: &quot;&quot;,\n    &quot;iconColor&quot;: &quot;default&quot;,\n    &quot;isCalendar&quot;: false,\n    &quot;iconBoxed&quot;: false,\n    &quot;useLinkList&quot;: false,\n    &quot;linkList&quot;: {},\n    &quot;hideThumbnail&quot;: false,\n    &quot;type&quot;: &quot;boxed&quot;,\n    &quot;linkStyle&quot;: &quot;default&quot;,\n    &quot;overboxImage&quot;: false,\n    &quot;differingHeadlineColor&quot;: false,\n    &quot;headlineColor&quot;: &quot;&quot;,\n    &quot;textPositionBottom&quot;: false,\n    &quot;template&quot;: &quot;&quot;,\n    &quot;video&quot;: {\n        &quot;provider&quot;: &quot;youtube&quot;,\n        &quot;id&quot;: &quot;&quot;,\n        &quot;poster&quot;: &quot;&quot;\n    },\n    &quot;audioUrl&quot;: &quot;&quot;,\n    &quot;unbound&quot;: false\n}\">\n    \n<\/jgu-base-teaserbox>\n\n\n\n<jgu-base-teaserbox react-props=\"{\n    &quot;headline&quot;: {\n        &quot;htmlTag&quot;: &quot;h2&quot;,\n        &quot;classTag&quot;: &quot;&quot;,\n        &quot;tag&quot;: &quot;h2&quot;\n    },\n    &quot;image&quot;: {\n        &quot;id&quot;: 9683,\n        &quot;url&quot;: &quot;https:\\\/\\\/cms.zdv.uni-mainz.de\\\/fb07-geschichte\\\/wp-content\\\/uploads\\\/sites\\\/330\\\/2024\\\/09\\\/lehrprojekte_schaefer.jpg&quot;,\n        &quot;title&quot;: &quot;lehrprojekte_schaefer&quot;,\n        &quot;width&quot;: 350,\n        &quot;height&quot;: 247,\n        &quot;srcset&quot;: &quot;https:\\\/\\\/cms.zdv.uni-mainz.de\\\/fb07-geschichte\\\/wp-content\\\/uploads\\\/sites\\\/330\\\/2024\\\/09\\\/lehrprojekte_schaefer.jpg 350w, https:\\\/\\\/cms.zdv.uni-mainz.de\\\/fb07-geschichte\\\/wp-content\\\/uploads\\\/sites\\\/330\\\/2024\\\/09\\\/lehrprojekte_schaefer-300x212.jpg 300w&quot;\n    },\n    &quot;color&quot;: &quot;orange&quot;,\n    &quot;index&quot;: &quot;Teaching Project&quot;,\n    &quot;title&quot;: &quot;Geschichte vor Ort \\u2013 Landesgeschichte erforschen&quot;,\n    &quot;excerpt&quot;: &quot;The certificate \\u201cGeschichte vor Ort \\u2013 Landesgeschichte erforschen\\u201d offers you the opportunity to research and present history in non-university research institutions. Regional history projects from all eras \\u2013 antiquity to the present \\u2013 are offered. &quot;,\n    &quot;linkTitle&quot;: &quot;learn more&quot;,\n    &quot;link&quot;: {\n        &quot;url&quot;: &quot;https:\\\/\\\/www.geschichte-vor-ort.uni-mainz.de\\\/&quot;,\n        &quot;id&quot;: &quot;https:\\\/\\\/www.geschichte-vor-ort.uni-mainz.de\\\/&quot;,\n        &quot;title&quot;: &quot;https:\\\/\\\/www.geschichte-vor-ort.uni-mainz.de\\\/&quot;,\n        &quot;type&quot;: &quot;link&quot;,\n        &quot;opensInNewTab&quot;: true\n    },\n    &quot;align&quot;: &quot;wide&quot;,\n    &quot;icon&quot;: &quot;&quot;,\n    &quot;iconColor&quot;: &quot;default&quot;,\n    &quot;isCalendar&quot;: false,\n    &quot;iconBoxed&quot;: false,\n    &quot;useLinkList&quot;: false,\n    &quot;linkList&quot;: {},\n    &quot;hideThumbnail&quot;: false,\n    &quot;type&quot;: &quot;boxed&quot;,\n    &quot;linkStyle&quot;: &quot;default&quot;,\n    &quot;overboxImage&quot;: false,\n    &quot;differingHeadlineColor&quot;: false,\n    &quot;headlineColor&quot;: &quot;&quot;,\n    &quot;textPositionBottom&quot;: false,\n    &quot;template&quot;: &quot;&quot;,\n    &quot;video&quot;: {\n        &quot;provider&quot;: &quot;youtube&quot;,\n        &quot;id&quot;: &quot;&quot;,\n        &quot;poster&quot;: &quot;&quot;\n    },\n    &quot;audioUrl&quot;: &quot;&quot;,\n    &quot;unbound&quot;: false\n}\">\n    \n<\/jgu-base-teaserbox>\n\n\n\n<jgu-base-teaserbox react-props=\"{\n    &quot;headline&quot;: {\n        &quot;htmlTag&quot;: &quot;h2&quot;,\n        &quot;classTag&quot;: &quot;&quot;,\n        &quot;tag&quot;: &quot;h2&quot;\n    },\n    &quot;image&quot;: {\n        &quot;id&quot;: 9686,\n        &quot;url&quot;: &quot;https:\\\/\\\/cms.zdv.uni-mainz.de\\\/fb07-geschichte\\\/wp-content\\\/uploads\\\/sites\\\/330\\\/2024\\\/09\\\/lehrprojekte_frings.jpg&quot;,\n        &quot;title&quot;: &quot;lehrprojekte_frings&quot;,\n        &quot;width&quot;: 350,\n        &quot;height&quot;: 240,\n        &quot;srcset&quot;: &quot;https:\\\/\\\/cms.zdv.uni-mainz.de\\\/fb07-geschichte\\\/wp-content\\\/uploads\\\/sites\\\/330\\\/2024\\\/09\\\/lehrprojekte_frings.jpg 350w, https:\\\/\\\/cms.zdv.uni-mainz.de\\\/fb07-geschichte\\\/wp-content\\\/uploads\\\/sites\\\/330\\\/2024\\\/09\\\/lehrprojekte_frings-300x206.jpg 300w&quot;\n    },\n    &quot;color&quot;: &quot;orange&quot;,\n    &quot;index&quot;: &quot;Teaching Project&quot;,\n    &quot;title&quot;: &quot;Eine \\u201einnert\\u00fcrkische Verwaltungsangelegenheit\\u201c&lt;br&gt;Osmanisch-deutsche Verflechtungen und die Armeniergr\\u00e4uel im Ersten Weltkrieg&quot;,\n    &quot;linkTitle&quot;: &quot;learn more&quot;,\n    &quot;link&quot;: {\n        &quot;url&quot;: &quot;https:\\\/\\\/www.blogs.uni-mainz.de\\\/fb07-armeniergreuel\\\/&quot;,\n        &quot;id&quot;: &quot;https:\\\/\\\/www.blogs.uni-mainz.de\\\/fb07-armeniergreuel\\\/&quot;,\n        &quot;title&quot;: &quot;https:\\\/\\\/www.blogs.uni-mainz.de\\\/fb07-armeniergreuel\\\/&quot;,\n        &quot;type&quot;: &quot;link&quot;,\n        &quot;opensInNewTab&quot;: true\n    },\n    &quot;align&quot;: &quot;wide&quot;,\n    &quot;icon&quot;: &quot;&quot;,\n    &quot;iconColor&quot;: &quot;default&quot;,\n    &quot;isCalendar&quot;: false,\n    &quot;iconBoxed&quot;: false,\n    &quot;useLinkList&quot;: false,\n    &quot;linkList&quot;: {},\n    &quot;hideThumbnail&quot;: false,\n    &quot;type&quot;: &quot;boxed&quot;,\n    &quot;excerpt&quot;: &quot;&quot;,\n    &quot;linkStyle&quot;: &quot;default&quot;,\n    &quot;overboxImage&quot;: false,\n    &quot;differingHeadlineColor&quot;: false,\n    &quot;headlineColor&quot;: &quot;&quot;,\n    &quot;textPositionBottom&quot;: false,\n    &quot;template&quot;: &quot;&quot;,\n    &quot;video&quot;: {\n        &quot;provider&quot;: &quot;youtube&quot;,\n        &quot;id&quot;: &quot;&quot;,\n        &quot;poster&quot;: &quot;&quot;\n    },\n    &quot;audioUrl&quot;: &quot;&quot;,\n    &quot;unbound&quot;: false\n}\">\n    \n<\/jgu-base-teaserbox>\n\n\n<\/jgu-base-slider>\n\n\n<\/jgu-base-tabsitem>\n\n<jgu-base-tabsitem react-props=\"{\n    &quot;title&quot;: &quot;Digitally enhanced project-based learning (ModeLL-M)&quot;,\n    &quot;slug&quot;: &quot;digitally-enhanced-project-based-learning-modell-m&quot;,\n    &quot;align&quot;: &quot;wide&quot;,\n    &quot;customSlug&quot;: false\n}\">\n    \n<jgu-base-heading react-props=\"{\n    &quot;index&quot;: &quot;Digitally enhanced project-based learning&quot;,\n    &quot;tags&quot;: {\n        &quot;htmlTag&quot;: &quot;h2&quot;,\n        &quot;classTag&quot;: &quot;h3&quot;,\n        &quot;tag&quot;: &quot;h2.h3&quot;\n    },\n    &quot;heading&quot;: &quot;ModeLL-M&quot;,\n    &quot;textAlign&quot;: &quot;left&quot;,\n    &quot;anchor&quot;: &quot;&quot;,\n    &quot;color&quot;: &quot;red&quot;\n}\"><\/jgu-base-heading>\n\n\n\n<div class=\"wp-block-columns is-layout-flex wp-container-core-columns-is-layout-9d6595d7 wp-block-columns-is-layout-flex\">\n<div class=\"wp-block-column is-layout-flow wp-block-column-is-layout-flow\" style=\"flex-basis:66.66%\">\n<p>ModeLL-M is one of 139 projects funded across Germany by the foundation \u201e<a href=\"https:\/\/stiftung-hochschullehre.de\/\" target=\"_blank\" rel=\"noreferrer noopener\">Innovation in der Hochschullehre<\/a>\u201c as part of the call for proposals \u201e<a href=\"https:\/\/stiftung-hochschullehre.de\/ausschreibungen\/foerderbekanntmachung-2020\/\" target=\"_blank\" rel=\"noreferrer noopener\">Hochschullehre durch Digitalisierung st\u00e4rken<\/a>\u201c (2020). During the project period (August 2021 \u2013 July 2024), models are to be developed that demonstrate how key factors for <strong>student-centered teaching and learning<\/strong> can be strengthened by combining digital elements and face-to-face formats, including:<\/p>\n\n\n\n<ul class=\"wp-block-list\">\n<li>Successful <strong>activation<\/strong> in different learning environments, especially in time- and location-independent learning.<\/li>\n\n\n\n<li>Scenarios, formats, and learning environments that enable students to practice <strong>self-management<\/strong> and experience self-efficacy.<\/li>\n\n\n\n<li>Designing teaching-learning scenarios that encourage students to <strong>collaborate <\/strong>and actively support constructive interaction with fellow students, including through the use of digital tools.<\/li>\n<\/ul>\n\n\n\n<p>In this context, the Department of History is dedicated to the model area of <strong>digitally extended project-based learning<\/strong>. The term \u201cproject-based learning\u201d refers to a form of teaching which is based on scientific results and focused on action and in which students work on academic problems and questions both independently and in groups. Members of the teaching staff accompany the project and instruct the students. The teaching method represents a paradigm shift <em>from teaching to learning<\/em>. It is a response to the requirements of the Bologna reform for more practical relevance in programs of study and aims to improve the <em>employability <\/em>of students.    <\/p>\n\n\n\n<p>The Community of Practice \u201cDigitally enhanced project-based learning\u201d in the subject of History is supported by a group of experienced members of the teaching staff who have already tried out new approaches in the field of project teaching with great commitment and have now made professionalization in this university didactics segment their concern. The Community will be expanded to include students. The sub-projects are linked in a structured way from the planning to the evaluation phase, with the CoP paying particular attention to the constant exchange of experience and joint problem-solving, the integration of external expertise, and the management of project-based learning. The aim is to further professionalize the CoP as part of a <em>Scholarship of Teaching and Learning <\/em>in project-based learning as well as the curricular integration of project-based learning.   <\/p>\n<\/div>\n\n\n\n<div class=\"wp-block-column is-layout-flow wp-block-column-is-layout-flow\" style=\"flex-basis:33.33%\"><jgu-base-logogrid react-props=\"[]\">\n    \n<jgu-base-logogriditem react-props=\"{\n    &quot;image&quot;: {\n        &quot;url&quot;: &quot;https:\\\/\\\/cms.zdv.uni-mainz.de\\\/fb07-geschichte\\\/wp-content\\\/uploads\\\/sites\\\/330\\\/2024\\\/09\\\/Logo_Stiftung_Hochschullehre_pos-1024x449-1.jpg&quot;,\n        &quot;id&quot;: 9695,\n        &quot;title&quot;: &quot;Logo_Stiftung_Hochschullehre_pos-1024x449&quot;,\n        &quot;width&quot;: 1024,\n        &quot;height&quot;: 449,\n        &quot;srcset&quot;: &quot;https:\\\/\\\/cms.zdv.uni-mainz.de\\\/fb07-geschichte\\\/wp-content\\\/uploads\\\/sites\\\/330\\\/2024\\\/09\\\/Logo_Stiftung_Hochschullehre_pos-1024x449-1.jpg 1024w, https:\\\/\\\/cms.zdv.uni-mainz.de\\\/fb07-geschichte\\\/wp-content\\\/uploads\\\/sites\\\/330\\\/2024\\\/09\\\/Logo_Stiftung_Hochschullehre_pos-1024x449-1-300x132.jpg 300w, https:\\\/\\\/cms.zdv.uni-mainz.de\\\/fb07-geschichte\\\/wp-content\\\/uploads\\\/sites\\\/330\\\/2024\\\/09\\\/Logo_Stiftung_Hochschullehre_pos-1024x449-1-768x337.jpg 768w&quot;\n    },\n    &quot;linkType&quot;: &quot;&quot;\n}\">\n    \n<\/jgu-base-logogriditem>\n\n\n<jgu-base-logogriditem react-props=\"{\n    &quot;image&quot;: {\n        &quot;url&quot;: &quot;https:\\\/\\\/cms.zdv.uni-mainz.de\\\/fb07-geschichte\\\/wp-content\\\/uploads\\\/sites\\\/330\\\/2024\\\/09\\\/ModeLL-M_Logo_RGB-1024x238-1.jpg&quot;,\n        &quot;id&quot;: 9698,\n        &quot;title&quot;: &quot;ModeLL-M_Logo_RGB-1024x238&quot;,\n        &quot;width&quot;: 1024,\n        &quot;height&quot;: 238,\n        &quot;srcset&quot;: &quot;https:\\\/\\\/cms.zdv.uni-mainz.de\\\/fb07-geschichte\\\/wp-content\\\/uploads\\\/sites\\\/330\\\/2024\\\/09\\\/ModeLL-M_Logo_RGB-1024x238-1.jpg 1024w, https:\\\/\\\/cms.zdv.uni-mainz.de\\\/fb07-geschichte\\\/wp-content\\\/uploads\\\/sites\\\/330\\\/2024\\\/09\\\/ModeLL-M_Logo_RGB-1024x238-1-300x70.jpg 300w, https:\\\/\\\/cms.zdv.uni-mainz.de\\\/fb07-geschichte\\\/wp-content\\\/uploads\\\/sites\\\/330\\\/2024\\\/09\\\/ModeLL-M_Logo_RGB-1024x238-1-768x179.jpg 768w&quot;\n    },\n    &quot;linkType&quot;: &quot;&quot;\n}\">\n    \n<\/jgu-base-logogriditem>\n\n\n<\/jgu-base-logogrid>\n\n\n<jgu-base-notificationbanner react-props=\"{\n    &quot;icon&quot;: &quot;bullhorn-solid&quot;,\n    &quot;children&quot;: &quot;&quot;,\n    &quot;iconColor&quot;: &quot;red&quot;,\n    &quot;showCloseButton&quot;: false,\n    &quot;position&quot;: &quot;top&quot;,\n    &quot;styling&quot;: &quot;inline&quot;,\n    &quot;bgColor&quot;: &quot;light&quot;,\n    &quot;isPreview&quot;: false\n}\">\n    \n\n<p>Digitally enhanced project-based learning is a form of teaching that leads to the development of unconventional results, such as digital forms of presenting and engaging with history. The aim is the specialization of subject-specific problem-solving skills.<\/p>\n\n\n<\/jgu-base-notificationbanner>\n\n\n<jgu-base-button style=\"display: flex; flex-wrap: wrap; column-gap: 30px; max-width: 100%; flex-direction: row; justify-content: left\">\n  \n<jgu-base-buttonitem react-props=\"{\n    &quot;text&quot;: &quot;ModeLL-M at JGU&quot;,\n    &quot;link&quot;: {\n        &quot;url&quot;: &quot;https:\\\/\\\/modell-m.uni-mainz.de\\\/communities-of-practice\\\/digital-erweiterte-projektlehre\\\/&quot;,\n        &quot;linkTarget&quot;: &quot;&quot;,\n        &quot;rel&quot;: &quot;&quot;,\n        &quot;id&quot;: &quot;https:\\\/\\\/modell-m.uni-mainz.de\\\/communities-of-practice\\\/digital-erweiterte-projektlehre\\\/&quot;,\n        &quot;title&quot;: &quot;https:\\\/\\\/modell-m.uni-mainz.de\\\/communities-of-practice\\\/digital-erweiterte-projektlehre\\\/&quot;,\n        &quot;type&quot;: &quot;link&quot;,\n        &quot;opensInNewTab&quot;: true\n    },\n    &quot;align&quot;: &quot;left&quot;,\n    &quot;styling&quot;: &quot;primary&quot;,\n    &quot;icon&quot;: &quot;arrow-right-solid&quot;,\n    &quot;type&quot;: &quot;default&quot;,\n    &quot;iconBefore&quot;: false,\n    &quot;isSmall&quot;: false,\n    &quot;fullWidth&quot;: false,\n    &quot;className&quot;: &quot;&quot;\n}\"><\/jgu-base-buttonitem>\n\n<\/jgu-base-button><\/div>\n<\/div>\n\n\n<jgu-base-heading react-props=\"{\n    &quot;tags&quot;: {\n        &quot;htmlTag&quot;: &quot;h2&quot;,\n        &quot;classTag&quot;: &quot;h3&quot;,\n        &quot;tag&quot;: &quot;h2.h3&quot;\n    },\n    &quot;heading&quot;: &quot;Lehrprojektberichte &lt;br&gt;aus ModeLL-M&quot;,\n    &quot;textAlign&quot;: &quot;left&quot;,\n    &quot;anchor&quot;: &quot;&quot;,\n    &quot;index&quot;: &quot;&quot;,\n    &quot;color&quot;: &quot;red&quot;\n}\"><\/jgu-base-heading>\n\n\n<jgu-base-notificationbanner react-props=\"{\n    &quot;icon&quot;: &quot;&quot;,\n    &quot;children&quot;: &quot;&quot;,\n    &quot;iconColor&quot;: &quot;red&quot;,\n    &quot;showCloseButton&quot;: false,\n    &quot;position&quot;: &quot;top&quot;,\n    &quot;styling&quot;: &quot;inline&quot;,\n    &quot;bgColor&quot;: &quot;light&quot;,\n    &quot;isPreview&quot;: false\n}\">\n    \n\n<p><code><a href=\"https:\/\/cliozweipunktnull.uni-mainz.de\/2023\/11\/09\/klimageschichten-im-klimawandel-vortragsreihe-mit-kurzclips\/\" target=\"_blank\" rel=\"noreferrer noopener\">#Klimageschichten im #Klimawandel: Vortragsreihe mit Kurzclips<\/a><\/code><\/p>\n\n\n\n<p><code><a href=\"https:\/\/cliozweipunktnull.uni-mainz.de\/2023\/11\/03\/das-zarenreich-ins-bild-setzen-launch-einer-virtuellen-ausstellung-mit-farbfotografien-aus-dem-spaeten-zarenreich\/\" target=\"_blank\" rel=\"noreferrer noopener\">Das Zarenreich ins Bild setzen. Launch einer virtuellen Ausstellung mit Farbfotografien aus dem sp\u00e4ten Zarenreich<\/a><\/code><\/p>\n\n\n\n<p><code><a href=\"https:\/\/cliozweipunktnull.uni-mainz.de\/2023\/10\/27\/projektlehre-wie-historikerinnen-arbeiten-einblicke-in-die-projektlehre-im-digikar-projektseminar\/\" target=\"_blank\" rel=\"noreferrer noopener\">Projektlehre: Wie Historiker:innen arbeiten. Einblicke in die Projektlehre im DigiKAR-Projektseminar<\/a><\/code><\/p>\n\n\n\n<p><code><a href=\"https:\/\/cliozweipunktnull.uni-mainz.de\/2022\/12\/14\/mobilitaet-in-kurmainz-digitale-karten-des-fruehneuzeitlichen-mainz\/\" target=\"_blank\" rel=\"noreferrer noopener\">Projektlehre: Mobilit\u00e4t in Kurmainz: Digitale Karten des fr\u00fchneuzeitlichen Mainz<\/a><\/code><\/p>\n\n\n\n<p><code><a href=\"https:\/\/cliozweipunktnull.uni-mainz.de\/2022\/12\/08\/transnationales-mainz-der-1960er-70er-jahre-projektseminar-und-virtuelle-ausstellung\/\" target=\"_blank\" rel=\"noreferrer noopener\">Projektlehre: \"Transnationales Mainz der 1960er\/70er Jahre\": Projektseminar und virtuelle Ausstellung<\/a><\/code><\/p>\n\n\n\n<p><code><a href=\"https:\/\/cliozweipunktnull.uni-mainz.de\/2022\/10\/06\/clio-auf-die-ohren-migrationsgeschichten-studierende-podcasten-geschichte\/\" target=\"_blank\" rel=\"noreferrer noopener\">Clio auf die Ohren: Migrationsgeschichten. Studierende podcasten Geschichte<\/a><\/code><\/p>\n\n\n<\/jgu-base-notificationbanner>\n\n\n\n<div class=\"wp-block-columns is-layout-flex wp-container-core-columns-is-layout-9d6595d7 wp-block-columns-is-layout-flex\">\n<div class=\"wp-block-column is-layout-flow wp-block-column-is-layout-flow\" style=\"flex-basis:66.66%\"><jgu-base-heading react-props=\"{\n    &quot;color&quot;: &quot;default&quot;,\n    &quot;tags&quot;: {\n        &quot;htmlTag&quot;: &quot;h2&quot;,\n        &quot;classTag&quot;: &quot;h3&quot;,\n        &quot;tag&quot;: &quot;h2.h3&quot;\n    },\n    &quot;heading&quot;: &quot;Projects: Experiences and Perspectives&quot;,\n    &quot;textAlign&quot;: &quot;left&quot;,\n    &quot;anchor&quot;: &quot;&quot;,\n    &quot;index&quot;: &quot;&quot;\n}\"><\/jgu-base-heading>\n\n\n\n<p><strong>Previous experience:<\/strong> In the past, the Department of History has carried out various teaching projects, often analog, aimed at products such as an exhibition or guided tours. Projects are product-oriented, risky, and open-ended. <\/p>\n\n\n\n<p><strong>Digital expansion<\/strong>: As a result of the pandemic, such projects had to be realized digitally \u2013 reinforcing an existing trend. Researching and teaching history are increasingly taking place in a digitally enhanced or purely digital format. Students also work in digital networks, and external experts are brought in to answer complex questions.   <\/p>\n\n\n\n<p><strong>Sustainability:<\/strong> We want to transfer these experiences to post-pandemic teaching, develop them productively, and sustainably anchor them in the teaching curriculum. <\/p>\n\n\n<jgu-base-heading react-props=\"{\n    &quot;color&quot;: &quot;default&quot;,\n    &quot;tags&quot;: {\n        &quot;htmlTag&quot;: &quot;h2&quot;,\n        &quot;classTag&quot;: &quot;h3&quot;,\n        &quot;tag&quot;: &quot;h2.h3&quot;\n    },\n    &quot;heading&quot;: &quot;Products: Experiences and Perspectives&quot;,\n    &quot;textAlign&quot;: &quot;left&quot;,\n    &quot;anchor&quot;: &quot;&quot;,\n    &quot;index&quot;: &quot;&quot;\n}\"><\/jgu-base-heading>\n\n\n\n<p><strong>Previous experience: <\/strong>We had already gained initial experience with digital products before the pandemic \u2013 for example, by complementing exhibitions with QR codes that led to further web-based information. During the pandemic, ideas such as the production of podcasts and web clips were added, which were successfully realized, for example in the form of a podcast series on pandemics and epidemics in world history. <\/p>\n\n\n\n<p><strong>Digital expansion: <\/strong>We now want to expand this range of digital products \u2013 and operationalize it as a \u201ctoolbox\u201d to be used widely. In a first step, we are focusing on: <\/p>\n\n\n\n<ul class=\"wp-block-list\">\n<li>student-produced podcasts: expert interviews, biographical research that can be incorporated into a virtual exhibition, or scripted thought processes discussing complex subject-specific issues;<\/li>\n\n\n\n<li>digital maps for the visualization of epoch-specific spatial perceptions and mobility patterns;<\/li>\n\n\n\n<li>virtual exhibitions with a critical focus on the digitized source materials.<\/li>\n<\/ul>\n<\/div>\n\n\n\n<div class=\"wp-block-column is-layout-flow wp-block-column-is-layout-flow\" style=\"flex-basis:33.33%\">\n<div style=\"height:90px\" aria-hidden=\"true\" class=\"wp-block-spacer\"><\/div>\n\n\n<jgu-base-notificationbanner react-props=\"{\n    &quot;icon&quot;: &quot;bullhorn-solid&quot;,\n    &quot;children&quot;: &quot;&quot;,\n    &quot;iconColor&quot;: &quot;red&quot;,\n    &quot;showCloseButton&quot;: false,\n    &quot;position&quot;: &quot;top&quot;,\n    &quot;styling&quot;: &quot;inline&quot;,\n    &quot;bgColor&quot;: &quot;light&quot;,\n    &quot;isPreview&quot;: false\n}\">\n    \n\n<p>Digitality as a <em>booster<\/em>: While project-based learning with digital components is incredibly motivating for students, it also has a lot of subject-specific activation potential. In this way, digitally enhanced project-based learning opens up new depths of subject-specific thinking and promotes the desire to study history as well as students&#8217; general employability.  <\/p>\n\n\n<\/jgu-base-notificationbanner>\n\n\n\n<div style=\"height:90px\" aria-hidden=\"true\" class=\"wp-block-spacer\"><\/div>\n\n\n<jgu-base-teaserbox react-props=\"{\n    &quot;headline&quot;: {\n        &quot;htmlTag&quot;: &quot;h2&quot;,\n        &quot;classTag&quot;: &quot;&quot;,\n        &quot;tag&quot;: &quot;h2&quot;\n    },\n    &quot;color&quot;: &quot;orange&quot;,\n    &quot;title&quot;: &quot;Projektf\\u00f6rmige &lt;br&gt;Lehrveranstaltungen im Rahmen von ModeLL-M&quot;,\n    &quot;linkTitle&quot;: &quot;learn more&quot;,\n    &quot;link&quot;: {\n        &quot;url&quot;: &quot;https:\\\/\\\/cms.zdv.uni-mainz.de\\\/fb07-geschichte\\\/startseite\\\/studium-und-lehre\\\/projekte-in-studium-und-lehre\\\/projektfoermige-lehrveranstaltungen-im-rahmen-von-modell-m\\\/&quot;,\n        &quot;id&quot;: 10166,\n        &quot;title&quot;: &quot;Projektf\\u00f6rmige Lehrveranstaltungen im Rahmen von ModeLL-M&quot;,\n        &quot;type&quot;: &quot;page&quot;,\n        &quot;kind&quot;: &quot;post-type&quot;,\n        &quot;opensInNewTab&quot;: true\n    },\n    &quot;align&quot;: &quot;wide&quot;,\n    &quot;icon&quot;: &quot;&quot;,\n    &quot;iconColor&quot;: &quot;default&quot;,\n    &quot;isCalendar&quot;: false,\n    &quot;iconBoxed&quot;: false,\n    &quot;useLinkList&quot;: false,\n    &quot;linkList&quot;: {},\n    &quot;hideThumbnail&quot;: false,\n    &quot;type&quot;: &quot;boxed&quot;,\n    &quot;index&quot;: &quot;&quot;,\n    &quot;excerpt&quot;: &quot;&quot;,\n    &quot;linkStyle&quot;: &quot;default&quot;,\n    &quot;overboxImage&quot;: false,\n    &quot;differingHeadlineColor&quot;: false,\n    &quot;headlineColor&quot;: &quot;&quot;,\n    &quot;textPositionBottom&quot;: false,\n    &quot;template&quot;: &quot;&quot;,\n    &quot;video&quot;: {\n        &quot;provider&quot;: &quot;youtube&quot;,\n        &quot;id&quot;: &quot;&quot;,\n        &quot;poster&quot;: &quot;&quot;\n    },\n    &quot;audioUrl&quot;: &quot;&quot;,\n    &quot;unbound&quot;: false\n}\">\n    \n<\/jgu-base-teaserbox><\/div>\n<\/div>\n\n\n<jgu-base-heading react-props=\"{\n    &quot;tags&quot;: {\n        &quot;htmlTag&quot;: &quot;h2&quot;,\n        &quot;classTag&quot;: &quot;h3&quot;,\n        &quot;tag&quot;: &quot;h2.h3&quot;\n    },\n    &quot;heading&quot;: &quot;Management&quot;,\n    &quot;textAlign&quot;: &quot;left&quot;,\n    &quot;anchor&quot;: &quot;&quot;,\n    &quot;index&quot;: &quot;&quot;,\n    &quot;color&quot;: &quot;red&quot;\n}\"><\/jgu-base-heading>\n\n\n\n<div class=\"wp-block-columns is-layout-flex wp-container-core-columns-is-layout-9d6595d7 wp-block-columns-is-layout-flex\">\n<div class=\"wp-block-column is-layout-flow wp-block-column-is-layout-flow\"><jgu-base-idm-person react-props=\"{\n    &quot;id&quot;: &quot;1370&quot;,\n    &quot;organizationId&quot;: 759,\n    &quot;roleId&quot;: 13,\n    &quot;name&quot;: &quot;&quot;,\n    &quot;link&quot;: &quot;idm&quot;,\n    &quot;skipDetails&quot;: [],\n    &quot;align&quot;: &quot;left&quot;,\n    &quot;color&quot;: &quot;default&quot;,\n    &quot;mode&quot;: &quot;edit&quot;,\n    &quot;linkType&quot;: &quot;idm&quot;\n}\">\n        \n<\/jgu-base-idm-person>\n<\/div>\n\n\n\n<div class=\"wp-block-column is-layout-flow wp-block-column-is-layout-flow\"><jgu-base-idm-person react-props=\"{\n    &quot;id&quot;: &quot;331&quot;,\n    &quot;organizationId&quot;: 761,\n    &quot;roleId&quot;: 13,\n    &quot;name&quot;: &quot;&quot;,\n    &quot;link&quot;: &quot;idm&quot;,\n    &quot;skipDetails&quot;: [],\n    &quot;align&quot;: &quot;left&quot;,\n    &quot;color&quot;: &quot;default&quot;,\n    &quot;mode&quot;: &quot;edit&quot;,\n    &quot;linkType&quot;: &quot;idm&quot;\n}\">\n        \n<\/jgu-base-idm-person>\n<\/div>\n<\/div>\n\n\n<jgu-base-heading react-props=\"{\n    &quot;tags&quot;: {\n        &quot;htmlTag&quot;: &quot;h2&quot;,\n        &quot;classTag&quot;: &quot;h3&quot;,\n        &quot;tag&quot;: &quot;h2.h3&quot;\n    },\n    &quot;heading&quot;: &quot;Academic staff members&quot;,\n    &quot;textAlign&quot;: &quot;left&quot;,\n    &quot;anchor&quot;: &quot;&quot;,\n    &quot;index&quot;: &quot;&quot;,\n    &quot;color&quot;: &quot;red&quot;\n}\"><\/jgu-base-heading>\n\n\n\n<div class=\"wp-block-columns is-layout-flex wp-container-core-columns-is-layout-9d6595d7 wp-block-columns-is-layout-flex\">\n<div class=\"wp-block-column is-layout-flow wp-block-column-is-layout-flow\"><jgu-base-idm-person react-props=\"{\n    &quot;id&quot;: &quot;1546&quot;,\n    &quot;organizationId&quot;: 754,\n    &quot;roleId&quot;: 16,\n    &quot;name&quot;: &quot;&quot;,\n    &quot;link&quot;: &quot;idm&quot;,\n    &quot;skipDetails&quot;: [],\n    &quot;align&quot;: &quot;left&quot;,\n    &quot;color&quot;: &quot;default&quot;,\n    &quot;mode&quot;: &quot;edit&quot;,\n    &quot;linkType&quot;: &quot;idm&quot;\n}\">\n        \n<\/jgu-base-idm-person>\n<\/div>\n\n\n\n<div class=\"wp-block-column is-layout-flow wp-block-column-is-layout-flow\"><jgu-base-idm-person react-props=\"{\n    &quot;id&quot;: &quot;1445&quot;,\n    &quot;organizationId&quot;: 752,\n    &quot;roleId&quot;: 16,\n    &quot;name&quot;: &quot;&quot;,\n    &quot;link&quot;: &quot;idm&quot;,\n    &quot;skipDetails&quot;: [],\n    &quot;align&quot;: &quot;left&quot;,\n    &quot;color&quot;: &quot;default&quot;,\n    &quot;mode&quot;: &quot;edit&quot;,\n    &quot;linkType&quot;: &quot;idm&quot;\n}\">\n        \n<\/jgu-base-idm-person>\n<\/div>\n<\/div>\n\n\n\n<div class=\"wp-block-columns is-not-stacked-on-mobile is-layout-flex wp-container-core-columns-is-layout-9d6595d7 wp-block-columns-is-layout-flex\">\n<div class=\"wp-block-column is-layout-flow wp-block-column-is-layout-flow\"><jgu-base-idm-person react-props=\"{\n    &quot;id&quot;: &quot;1714&quot;,\n    &quot;organizationId&quot;: 752,\n    &quot;roleId&quot;: 16,\n    &quot;name&quot;: &quot;&quot;,\n    &quot;link&quot;: &quot;idm&quot;,\n    &quot;skipDetails&quot;: [],\n    &quot;align&quot;: &quot;left&quot;,\n    &quot;color&quot;: &quot;default&quot;,\n    &quot;mode&quot;: &quot;edit&quot;,\n    &quot;linkType&quot;: &quot;idm&quot;\n}\">\n        \n<\/jgu-base-idm-person>\n<\/div>\n\n\n\n<div class=\"wp-block-column is-layout-flow wp-block-column-is-layout-flow\"><\/div>\n<\/div>\n\n\n<\/jgu-base-tabsitem>\n\n<\/jgu-base-tabs>\n\n<jgu-base-button style=\"display: flex; flex-wrap: wrap; column-gap: 30px; max-width: 100%; flex-direction: row; justify-content: left\">\n  \n<jgu-base-buttonitem react-props=\"{\n    &quot;text&quot;: &quot;Clio 2.0 \\u2013 Department of History multimedia (blog)&quot;,\n    &quot;link&quot;: {\n        &quot;url&quot;: &quot;https:\\\/\\\/cliozweipunktnull.uni-mainz.de\\\/&quot;,\n        &quot;linkTarget&quot;: &quot;&quot;,\n        &quot;rel&quot;: &quot;&quot;,\n        &quot;id&quot;: &quot;https:\\\/\\\/cliozweipunktnull.uni-mainz.de\\\/&quot;,\n        &quot;title&quot;: &quot;https:\\\/\\\/cliozweipunktnull.uni-mainz.de\\\/&quot;,\n        &quot;type&quot;: &quot;link&quot;,\n        &quot;opensInNewTab&quot;: true\n    },\n    &quot;align&quot;: &quot;left&quot;,\n    &quot;styling&quot;: &quot;primary&quot;,\n    &quot;icon&quot;: &quot;arrow-right-solid&quot;,\n    &quot;type&quot;: &quot;default&quot;,\n    &quot;iconBefore&quot;: false,\n    &quot;isSmall&quot;: false,\n    &quot;fullWidth&quot;: false,\n    &quot;className&quot;: &quot;&quot;\n}\"><\/jgu-base-buttonitem>\n\n<\/jgu-base-button><\/div><\/div>\n<\/jgu-base-section><jgu-base-section react-props=\"{&quot;color&quot;:&quot;light&quot;,&quot;align&quot;:&quot;wide&quot;,&quot;padding&quot;:&quot;medium&quot;}\">\n<div class=\"jgu-bgsection bg bg-light\"><div class=\"content padding-medium\"><div\n\tclass=\"jgu-anchorpoint\"\n\tid=\"projects-in-learning-and-teaching\"\n\tdata-label=\"Projects in Learning and Teaching\"\n\tdata-hide-in-nav=\"false\"\n\ttabindex=\"0\"\n\tdata-initial-scroll=\"true\"\n><\/div>\n\n\n<jgu-base-heading react-props=\"{\n    &quot;index&quot;: &quot;Projects in learning and teaching&quot;,\n    &quot;tags&quot;: {\n        &quot;htmlTag&quot;: &quot;h2&quot;,\n        &quot;classTag&quot;: &quot;&quot;,\n        &quot;tag&quot;: &quot;h2&quot;\n    },\n    &quot;heading&quot;: &quot;Didactic developments&quot;,\n    &quot;textAlign&quot;: &quot;left&quot;,\n    &quot;anchor&quot;: &quot;&quot;,\n    &quot;color&quot;: &quot;red&quot;\n}\"><\/jgu-base-heading>\n\n\n\n<div class=\"wp-block-media-text has-media-on-the-right is-stacked-on-mobile\" style=\"grid-template-columns:auto 33%\"><div class=\"wp-block-media-text__content\">\n<p>The further development of degree programs and the design of courses and forms of examination (constructive alignment) have always been an important concern for historians; the fact that the famous methodologist Ernst Bernheim (author of the history textbook &#8220;Lehrbuch der historischen Methode und der Geschichtsphilosophie&#8221;) was also one of the first university didactics experts is just one example of the long tradition didactic reflection has in the subject of history.<\/p>\n\n\n\n<p>With this in mind, the Department of History in Mainz is also continuously working on the further development of learning and teaching. <\/p>\n\n\n\n<p>This page tells you about the didactic issues we are working on; if you are interested in similar topics, please feel free to contact us!<\/p>\n<\/div><figure class=\"wp-block-media-text__media\"><img loading=\"lazy\" decoding=\"async\" width=\"1024\" height=\"768\" src=\"https:\/\/www.geschichte.uni-mainz.de\/wp-content\/uploads\/sites\/330\/2024\/11\/20230515_105923-1024x768.jpg\" alt=\"\" class=\"wp-image-12571 size-full\" \/><\/figure><\/div>\n<\/div><\/div>\n<\/jgu-base-section><jgu-base-section react-props=\"{&quot;color&quot;:&quot;light&quot;,&quot;align&quot;:&quot;wide&quot;,&quot;padding&quot;:&quot;medium&quot;}\">\n<div class=\"jgu-bgsection bg bg-light\"><div class=\"content padding-medium\"><jgu-base-heading react-props=\"{\n    &quot;index&quot;: &quot;Projects in learning and teaching&quot;,\n    &quot;tags&quot;: {\n        &quot;htmlTag&quot;: &quot;h2&quot;,\n        &quot;classTag&quot;: &quot;&quot;,\n        &quot;tag&quot;: &quot;h2&quot;\n    },\n    &quot;heading&quot;: &quot;Abgeschlossene Projekte &quot;,\n    &quot;textAlign&quot;: &quot;left&quot;,\n    &quot;anchor&quot;: &quot;&quot;,\n    &quot;color&quot;: &quot;red&quot;\n}\"><\/jgu-base-heading>\n\n\n<jgu-base-accordion react-props=\"{&quot;selected&quot;:9,&quot;align&quot;:&quot;wide&quot;,&quot;hasAllOpenButton&quot;:true,&quot;onlyOne&quot;:false,&quot;initAllClosed&quot;:true,&quot;enableSearch&quot;:false}\">\n    \n<jgu-base-accordionitem react-props=\"{&quot;title&quot;:&quot;Empirical Research on \\u201cBottlenecks\\u201d in the Entry Phase&quot;,&quot;init&quot;:false,&quot;slug&quot;:&quot;empirische-forschungen-zu-bottlenecks-in-der-studieneingangsphase&quot;,&quot;align&quot;:&quot;wide&quot;,&quot;customSlug&quot;:false}\">\n    \n\n<div class=\"wp-block-media-text has-media-on-the-right is-stacked-on-mobile\" style=\"grid-template-columns:auto 20%\"><div class=\"wp-block-media-text__content\">\n<p>The entry phase plays a central role in university didactics discussions. The Department of History intends to empirically survey the structural obstacles to learning students face in the entry phase of their study of history and develop considerations for a preliminary and\/or accompanying offer for students in this phase. Since programs of study are always situated in specific faculties, factors that hinder or inhibit learning can only be surveyed on a subject-specific basis; however, the Department of History will carry out their empirical survey using methods that can easily be adopted by other faculties, at least by other humanities and social sciences subjects. The procedure includes the descriptive-statistical evaluation of term papers in introductory seminars according to agreed-upon evaluation criteria. This database is to be supplemented by an evaluation of CampusNet reports. Following a \u201cdecoding the bottlenecks\u201d approach, guided interviews with teaching staff in the initial phase of the program of study and analyses of student narratives will also be conducted. In a third step, suitable measures and structures will be developed to support students in remedying these deficits.<\/p>\n\n\n\n<p>This project is financially supported by the Gutenberg-Lehrkolleg.<\/p>\n<\/div><figure class=\"wp-block-media-text__media\"><img loading=\"lazy\" decoding=\"async\" width=\"200\" height=\"120\" src=\"https:\/\/www.geschichte.uni-mainz.de\/wp-content\/uploads\/sites\/330\/2025\/02\/Logo-GLK.jpg\" alt=\"\" class=\"wp-image-13446 size-full\" \/><\/figure><\/div>\n\n\n<\/jgu-base-accordionitem>\n\n<jgu-base-accordionitem react-props=\"{&quot;title&quot;:&quot;From Singer to Amazon: Case-study-based Learning for Historians&quot;,&quot;init&quot;:false,&quot;slug&quot;:&quot;von-singer-bis-amazon-case-study-based-learning-for-historians&quot;,&quot;align&quot;:&quot;wide&quot;,&quot;customSlug&quot;:false}\">\n    \n\n<p>Case studies are a widespread and, above all, fundamental teaching format in the subject of Economics at universities globally, but especially at international business schools. Case studies have been used in teaching and learning at US law schools since the 1870s. The renowned Harvard Business School adopted the approach as its central teaching format in the 1920s \u2013 and in a way that is highly remarkable for German historical studies: In Germany, case studies are often understood to be designed to formulate solutions and approaches to concrete and, above all, present or even future problems \u2013 but case studies at Harvard Business School are based on history! Using historical case studies to teach is not a widespread practice in the study of history in Germany \u2013 yet. This project aims to change that. As part of the project, historical case studies on globalization, entrepreneurship, consumer orientation, and much more will be tested for use in teaching.        <\/p>\n\n\n\n<p>Contact:<\/p>\n\n\n\n<p>Jun.-Prof. Dr. Eva-Maria Roelevink (<a href=\"mailto:eroelevi@uni-mainz.de\" target=\"_blank\" rel=\"noreferrer noopener\">eroelevi@uni-mainz.de<\/a>)<\/p>\n\n\n<\/jgu-base-accordionitem>\n\n<jgu-base-accordionitem react-props=\"{&quot;title&quot;:&quot;Teaching Writing in Historical Studies&quot;,&quot;init&quot;:false,&quot;slug&quot;:&quot;geschichtswissenschaftliches-schreiben-lehren&quot;,&quot;align&quot;:&quot;wide&quot;,&quot;customSlug&quot;:false}\">\n    \n<jgu-base-heading react-props=\"{\n    &quot;index&quot;: &quot;Workshop&quot;,\n    &quot;tags&quot;: {\n        &quot;htmlTag&quot;: &quot;h2&quot;,\n        &quot;classTag&quot;: &quot;h4&quot;,\n        &quot;tag&quot;: &quot;h2.h4&quot;\n    },\n    &quot;heading&quot;: &quot;Das \\u201eProdukt\\u201c im Blick: &lt;br&gt;Studierende zur &lt;br&gt;Seminararbeit begleiten (2019)&quot;,\n    &quot;textAlign&quot;: &quot;left&quot;,\n    &quot;anchor&quot;: &quot;&quot;,\n    &quot;color&quot;: &quot;red&quot;\n}\"><\/jgu-base-heading>\n\n\n\n<div class=\"wp-block-media-text has-media-on-the-right is-stacked-on-mobile\"><div class=\"wp-block-media-text__content\">\n<p>The term paper continues to be the core objective of undergraduate degree programs in history. All the methodological and didactic developments in historical studies in recent years have not fundamentally changed this. Writing this work is still considered an integral part of the program of study (\u201edas A und O des Studiums\u201c (Birgit Emich)). Term papers are considered the pinnacle for students of history (\u201eK\u00f6nigsdisziplin (\u2026), die eine entsprechende Heranf\u00fchrung der Studierenden an dieses komplexe Format notwendig machen\u201c (Rainer P\u00f6ppinghege)).<\/p>\n\n\n\n<p>This workshop, which continues the joint reflections of the didactic writing workshop in Bielefeld in March 2018, aims to shed light on the skills needed to successfully write a term paper from different perspectives. It offers historians and those who teach writing the opportunity to exchange ideas about specific methods for teaching historical writing and\/or didactic writing elements in history courses. Tasks and teaching methods, curricular decisions, writing didactic interventions and measures can be presented, tested and reflected upon in a collegial setting. Mainz students will be actively involved in the discussions; participants are also welcome to bring along interested students.<\/p>\n<\/div><figure class=\"wp-block-media-text__media\"><img loading=\"lazy\" decoding=\"async\" width=\"1024\" height=\"683\" src=\"https:\/\/www.geschichte.uni-mainz.de\/wp-content\/uploads\/sites\/330\/2025\/02\/workshop2019-1024x683.jpg\" alt=\"\" class=\"wp-image-13449 size-full\" srcset=\"https:\/\/cms.zdv.uni-mainz.de\/fb07-geschichte\/wp-content\/uploads\/sites\/330\/2025\/02\/workshop2019-1024x683.jpg 1024w, https:\/\/cms.zdv.uni-mainz.de\/fb07-geschichte\/wp-content\/uploads\/sites\/330\/2025\/02\/workshop2019-300x200.jpg 300w, https:\/\/cms.zdv.uni-mainz.de\/fb07-geschichte\/wp-content\/uploads\/sites\/330\/2025\/02\/workshop2019-768x512.jpg 768w, https:\/\/cms.zdv.uni-mainz.de\/fb07-geschichte\/wp-content\/uploads\/sites\/330\/2025\/02\/workshop2019.jpg 1500w\" sizes=\"auto, (max-width: 1024px) 100vw, 1024px\" \/><\/figure><\/div>\n\n\n\n<div class=\"wp-block-columns is-layout-flex wp-container-core-columns-is-layout-9d6595d7 wp-block-columns-is-layout-flex\">\n<div class=\"wp-block-column is-layout-flow wp-block-column-is-layout-flow\">\n<p><strong>Date &amp; location<\/strong><\/p>\n\n\n\n<p>Thursday, May 23, 2019, and Friday, May 24, 2019, Johannes Gutenberg University Mainz, Jakob-Welder-Weg 18 &amp; 20, 55128 Mainz, Germany  <\/p>\n\n\n\n<p><strong>Organizers<\/strong><\/p>\n\n\n\n<p>Dr. Andreas Frings, Dr. Heidrun Ochs<\/p>\n<\/div>\n\n\n\n<div class=\"wp-block-column is-layout-flow wp-block-column-is-layout-flow\">\n<p><strong>Program<\/strong><\/p>\n\n\n\n<p><strong>Donnerstag, 23. Mai 2019<\/strong><\/p>\n\n\n\n<p><strong>Podiums-Diskussion, Fakult\u00e4tssaal, <\/strong><br\/><strong>Philosophicum I<\/strong><\/p>\n\n\n\n<p>Participants<\/p>\n\n\n\n<ul class=\"wp-block-list\">\n<li>Eric Beres (SWR | Report Mainz)<\/li>\n\n\n\n<li>Bj\u00f6rn Gebert (ULB M\u00fcnster, subject librarian and co-editor of the science blog \u201cMittelalter\u201d)<\/li>\n\n\n\n<li>J\u00fcrgen Heimbach (Author)<\/li>\n\n\n\n<li>Heather King (JGU, student)<\/li>\n\n\n\n<li>Anna Kranzdorf (JGU, Personal Assistant to the President)<\/li>\n\n\n\n<li>Lara Luisa Storch de Gracia Asensio (JGU, student tutor)<\/li>\n<\/ul>\n\n\n\n<p>Moderation<\/p>\n\n\n\n<ul class=\"wp-block-list\">\n<li>Dr. Jan Kusber (JGU | Department of History)<\/li>\n<\/ul>\n\n\n\n<p><strong>Freitag, 24. Mai 2019<\/strong><\/p>\n\n\n\n<p><strong>Workshop, Besprechungsraum im EG <\/strong><strong>des Philosophicum II<\/strong><\/p>\n\n\n\n<p>9.00 Uhr &#8211; Raoul Hippchen | Mainz<br\/>Seminararbeiten und andere Probleme. Empirische Forschungen zu Herausforderungen in der Studieneingangsphase <\/p>\n\n\n\n<p>9.45 Uhr &#8211; Maik Schmerbauch | Berlin<br\/>Probleme bei grundlegenden (geschichts-)wissenschaftlichen Arbeitsweisen<\/p>\n\n\n\n<p>10.30 Uhr &#8211; Pause<\/p>\n\n\n\n<p>11.00 Uhr &#8211; Friederike Neumann | Bielefeld<br\/>Alles oder nichts oder was? Zur Auswahlproblematik in der kompetenzorientierten Lehre <\/p>\n\n\n\n<p>11.45 Uhr &#8211; Hiram K\u00fcmper | Mannheim<br\/>Geschichte in Leichter Sprache<\/p>\n\n\n\n<p>12.30 Uhr &#8211; Mittagspause<\/p>\n\n\n\n<p>14.00 Uhr &#8211; Angela Siebold | Frankfurt<br\/>Schreibvermittlung im Grundstudium<\/p>\n\n\n\n<p>14.45 Uhr &#8211; Susanne Korbel | Graz<br\/>Am Weg zur Seminararbeit: Essays zum Finden der eigenen Historikerstimme<\/p>\n\n\n\n<p>15.30 Uhr &#8211; Kaffeepause<\/p>\n\n\n\n<p>16.00 Uhr &#8211; Marlen Fies, Ulrike Pospiech &amp; Claudia Spanier | Duisburg-Essen<br\/>Geschichtswissenschaftliche Seminararbeiten mit dem F\u00f6BesS-Raster feedbacken<\/p>\n\n\n\n<p>16.45 Uhr &#8211; Schlussdiskussion<\/p>\n<\/div>\n<\/div>\n\n\n<\/jgu-base-accordionitem>\n\n<jgu-base-accordionitem react-props=\"{&quot;title&quot;:&quot;Day of Teaching at Faculty 07 (2017)&quot;,&quot;init&quot;:false,&quot;slug&quot;:&quot;tag-der-lehre-des-fachbereichs-07-2017&quot;,&quot;align&quot;:&quot;wide&quot;,&quot;customSlug&quot;:false}\">\n    \n\n<div class=\"wp-block-columns is-layout-flex wp-container-core-columns-is-layout-9d6595d7 wp-block-columns-is-layout-flex\">\n<div class=\"wp-block-column is-layout-flow wp-block-column-is-layout-flow\" style=\"flex-basis:66.66%\">\n<p>There was quite a lot going on at the faculty&#8217;s \u201cDay of Teaching\u201d on July 5, 2017: Initiated and conceived by Anne Brandstetter (Cultural Anthropology), Thorsten Hindrichs (Musicology) and Andreas Frings (History), seven courses and teaching projects from the faculty&#8217;s historical and cultural studies subjects presented their professional approaches and impressions of teaching on and with migration history topics. Why the focus on migration in particular? Because the intent was also to point out the social relevance of the subjects \u2013 but even more about how topics that we consider to be relevant in the present are often omnipresent historically anyway and have thus always been part of our research and teaching \u2013 a topic that can also be used to demonstrate the value of historical and cultural studies differentiation. In any case, the Day of Teaching set such a high standard, also in discussions at the tables, that the Dean&#8217;s Office is considering repeating it next year. A panel discussion with Hans-Christian Petersen (History), Heike Drotbohm (Cultural Anthropology), Gesa zur Nieden (Musicology), and Christine Walde (Classical Philology) rounded off the day with a reflection on teaching situations and teaching decisions from a subject-specific and didactic perspective.<\/p>\n\n\n\n<p>The photos shown here were taken by Andreas Linsenmann, to whom we are very grateful.<\/p>\n<\/div>\n\n\n\n<div class=\"wp-block-column is-layout-flow wp-block-column-is-layout-flow\" style=\"flex-basis:33.33%\"><jgu-base-imagegallery react-props=\"{\n    &quot;images&quot;: [\n        {\n            &quot;url&quot;: &quot;https:\\\/\\\/cms.zdv.uni-mainz.de\\\/fb07-geschichte\\\/wp-content\\\/uploads\\\/sites\\\/330\\\/2024\\\/11\\\/Tag_der_Lehre_2017-07-05_57626_\\u00a9_A.Linsenmann.jpg&quot;,\n            &quot;id&quot;: 12607,\n            &quot;credit&quot;: &quot;Andreas Linsenmann&quot;,\n            &quot;title&quot;: &quot;Tag_der_Lehre_2017-07-05_57626_\\u00a9_A.Linsenmann&quot;,\n            &quot;width&quot;: 1000,\n            &quot;height&quot;: 667,\n            &quot;srcset&quot;: &quot;https:\\\/\\\/cms.zdv.uni-mainz.de\\\/fb07-geschichte\\\/wp-content\\\/uploads\\\/sites\\\/330\\\/2024\\\/11\\\/Tag_der_Lehre_2017-07-05_57626_\\u00a9_A.Linsenmann.jpg 1000w, https:\\\/\\\/cms.zdv.uni-mainz.de\\\/fb07-geschichte\\\/wp-content\\\/uploads\\\/sites\\\/330\\\/2024\\\/11\\\/Tag_der_Lehre_2017-07-05_57626_\\u00a9_A.Linsenmann-300x200.jpg 300w, https:\\\/\\\/cms.zdv.uni-mainz.de\\\/fb07-geschichte\\\/wp-content\\\/uploads\\\/sites\\\/330\\\/2024\\\/11\\\/Tag_der_Lehre_2017-07-05_57626_\\u00a9_A.Linsenmann-768x512.jpg 768w&quot;,\n            &quot;src&quot;: &quot;https:\\\/\\\/cms.zdv.uni-mainz.de\\\/fb07-geschichte\\\/wp-content\\\/uploads\\\/sites\\\/330\\\/2024\\\/11\\\/Tag_der_Lehre_2017-07-05_57626_\\u00a9_A.Linsenmann.jpg&quot;\n        },\n        {\n            &quot;url&quot;: &quot;https:\\\/\\\/cms.zdv.uni-mainz.de\\\/fb07-geschichte\\\/wp-content\\\/uploads\\\/sites\\\/330\\\/2024\\\/11\\\/Tag_der_Lehre_2017-07-05_57631_\\u00a9_A.Linsenmann.jpg&quot;,\n            &quot;id&quot;: 12610,\n            &quot;credit&quot;: &quot;Andreas Linsenmann&quot;,\n            &quot;title&quot;: &quot;Tag_der_Lehre_2017-07-05_57631_\\u00a9_A.Linsenmann&quot;,\n            &quot;width&quot;: 1000,\n            &quot;height&quot;: 667,\n            &quot;srcset&quot;: &quot;https:\\\/\\\/cms.zdv.uni-mainz.de\\\/fb07-geschichte\\\/wp-content\\\/uploads\\\/sites\\\/330\\\/2024\\\/11\\\/Tag_der_Lehre_2017-07-05_57631_\\u00a9_A.Linsenmann.jpg 1000w, https:\\\/\\\/cms.zdv.uni-mainz.de\\\/fb07-geschichte\\\/wp-content\\\/uploads\\\/sites\\\/330\\\/2024\\\/11\\\/Tag_der_Lehre_2017-07-05_57631_\\u00a9_A.Linsenmann-300x200.jpg 300w, https:\\\/\\\/cms.zdv.uni-mainz.de\\\/fb07-geschichte\\\/wp-content\\\/uploads\\\/sites\\\/330\\\/2024\\\/11\\\/Tag_der_Lehre_2017-07-05_57631_\\u00a9_A.Linsenmann-768x512.jpg 768w&quot;,\n            &quot;src&quot;: &quot;https:\\\/\\\/cms.zdv.uni-mainz.de\\\/fb07-geschichte\\\/wp-content\\\/uploads\\\/sites\\\/330\\\/2024\\\/11\\\/Tag_der_Lehre_2017-07-05_57631_\\u00a9_A.Linsenmann.jpg&quot;\n        },\n        {\n            &quot;url&quot;: &quot;https:\\\/\\\/cms.zdv.uni-mainz.de\\\/fb07-geschichte\\\/wp-content\\\/uploads\\\/sites\\\/330\\\/2024\\\/11\\\/Tag_der_Lehre_2017-07-05_57632_\\u00a9_A.Linsenmann.jpg&quot;,\n            &quot;id&quot;: 12613,\n            &quot;credit&quot;: &quot;Andreas Linsenmann&quot;,\n            &quot;title&quot;: &quot;Tag_der_Lehre_2017-07-05_57632_\\u00a9_A.Linsenmann&quot;,\n            &quot;width&quot;: 1000,\n            &quot;height&quot;: 667,\n            &quot;srcset&quot;: &quot;https:\\\/\\\/cms.zdv.uni-mainz.de\\\/fb07-geschichte\\\/wp-content\\\/uploads\\\/sites\\\/330\\\/2024\\\/11\\\/Tag_der_Lehre_2017-07-05_57632_\\u00a9_A.Linsenmann.jpg 1000w, https:\\\/\\\/cms.zdv.uni-mainz.de\\\/fb07-geschichte\\\/wp-content\\\/uploads\\\/sites\\\/330\\\/2024\\\/11\\\/Tag_der_Lehre_2017-07-05_57632_\\u00a9_A.Linsenmann-300x200.jpg 300w, https:\\\/\\\/cms.zdv.uni-mainz.de\\\/fb07-geschichte\\\/wp-content\\\/uploads\\\/sites\\\/330\\\/2024\\\/11\\\/Tag_der_Lehre_2017-07-05_57632_\\u00a9_A.Linsenmann-768x512.jpg 768w&quot;,\n            &quot;src&quot;: &quot;https:\\\/\\\/cms.zdv.uni-mainz.de\\\/fb07-geschichte\\\/wp-content\\\/uploads\\\/sites\\\/330\\\/2024\\\/11\\\/Tag_der_Lehre_2017-07-05_57632_\\u00a9_A.Linsenmann.jpg&quot;\n        },\n        {\n            &quot;url&quot;: &quot;https:\\\/\\\/cms.zdv.uni-mainz.de\\\/fb07-geschichte\\\/wp-content\\\/uploads\\\/sites\\\/330\\\/2024\\\/11\\\/Tag_der_Lehre_2017-07-05_57637_\\u00a9_A.Linsenmann.jpg&quot;,\n            &quot;id&quot;: 12619,\n            &quot;credit&quot;: &quot;Andreas Linsenmann&quot;,\n            &quot;title&quot;: &quot;Tag_der_Lehre_2017-07-05_57637_\\u00a9_A.Linsenmann&quot;,\n            &quot;width&quot;: 1000,\n            &quot;height&quot;: 667,\n            &quot;srcset&quot;: &quot;https:\\\/\\\/cms.zdv.uni-mainz.de\\\/fb07-geschichte\\\/wp-content\\\/uploads\\\/sites\\\/330\\\/2024\\\/11\\\/Tag_der_Lehre_2017-07-05_57637_\\u00a9_A.Linsenmann.jpg 1000w, https:\\\/\\\/cms.zdv.uni-mainz.de\\\/fb07-geschichte\\\/wp-content\\\/uploads\\\/sites\\\/330\\\/2024\\\/11\\\/Tag_der_Lehre_2017-07-05_57637_\\u00a9_A.Linsenmann-300x200.jpg 300w, https:\\\/\\\/cms.zdv.uni-mainz.de\\\/fb07-geschichte\\\/wp-content\\\/uploads\\\/sites\\\/330\\\/2024\\\/11\\\/Tag_der_Lehre_2017-07-05_57637_\\u00a9_A.Linsenmann-768x512.jpg 768w&quot;,\n            &quot;src&quot;: &quot;https:\\\/\\\/cms.zdv.uni-mainz.de\\\/fb07-geschichte\\\/wp-content\\\/uploads\\\/sites\\\/330\\\/2024\\\/11\\\/Tag_der_Lehre_2017-07-05_57637_\\u00a9_A.Linsenmann.jpg&quot;\n        },\n        {\n            &quot;url&quot;: &quot;https:\\\/\\\/cms.zdv.uni-mainz.de\\\/fb07-geschichte\\\/wp-content\\\/uploads\\\/sites\\\/330\\\/2024\\\/11\\\/Tag_der_Lehre_2017-07-05_57649_\\u00a9_A.Linsenmann.jpg&quot;,\n            &quot;id&quot;: 12625,\n            &quot;credit&quot;: &quot;Andreas Linsenmann&quot;,\n            &quot;title&quot;: &quot;Tag_der_Lehre_2017-07-05_57649_\\u00a9_A.Linsenmann&quot;,\n            &quot;width&quot;: 1000,\n            &quot;height&quot;: 667,\n            &quot;srcset&quot;: &quot;https:\\\/\\\/cms.zdv.uni-mainz.de\\\/fb07-geschichte\\\/wp-content\\\/uploads\\\/sites\\\/330\\\/2024\\\/11\\\/Tag_der_Lehre_2017-07-05_57649_\\u00a9_A.Linsenmann.jpg 1000w, https:\\\/\\\/cms.zdv.uni-mainz.de\\\/fb07-geschichte\\\/wp-content\\\/uploads\\\/sites\\\/330\\\/2024\\\/11\\\/Tag_der_Lehre_2017-07-05_57649_\\u00a9_A.Linsenmann-300x200.jpg 300w, https:\\\/\\\/cms.zdv.uni-mainz.de\\\/fb07-geschichte\\\/wp-content\\\/uploads\\\/sites\\\/330\\\/2024\\\/11\\\/Tag_der_Lehre_2017-07-05_57649_\\u00a9_A.Linsenmann-768x512.jpg 768w&quot;,\n            &quot;src&quot;: &quot;https:\\\/\\\/cms.zdv.uni-mainz.de\\\/fb07-geschichte\\\/wp-content\\\/uploads\\\/sites\\\/330\\\/2024\\\/11\\\/Tag_der_Lehre_2017-07-05_57649_\\u00a9_A.Linsenmann.jpg&quot;\n        },\n        {\n            &quot;url&quot;: &quot;https:\\\/\\\/cms.zdv.uni-mainz.de\\\/fb07-geschichte\\\/wp-content\\\/uploads\\\/sites\\\/330\\\/2024\\\/11\\\/Tag_der_Lehre_2017-07-05_57658_\\u00a9_A.Linsenmann.jpg&quot;,\n            &quot;id&quot;: 12643,\n            &quot;credit&quot;: &quot;Andreas Linsenmann&quot;,\n            &quot;title&quot;: &quot;Tag_der_Lehre_2017-07-05_57658_\\u00a9_A.Linsenmann&quot;,\n            &quot;width&quot;: 1000,\n            &quot;height&quot;: 667,\n            &quot;srcset&quot;: &quot;https:\\\/\\\/cms.zdv.uni-mainz.de\\\/fb07-geschichte\\\/wp-content\\\/uploads\\\/sites\\\/330\\\/2024\\\/11\\\/Tag_der_Lehre_2017-07-05_57658_\\u00a9_A.Linsenmann.jpg 1000w, https:\\\/\\\/cms.zdv.uni-mainz.de\\\/fb07-geschichte\\\/wp-content\\\/uploads\\\/sites\\\/330\\\/2024\\\/11\\\/Tag_der_Lehre_2017-07-05_57658_\\u00a9_A.Linsenmann-300x200.jpg 300w, https:\\\/\\\/cms.zdv.uni-mainz.de\\\/fb07-geschichte\\\/wp-content\\\/uploads\\\/sites\\\/330\\\/2024\\\/11\\\/Tag_der_Lehre_2017-07-05_57658_\\u00a9_A.Linsenmann-768x512.jpg 768w&quot;,\n            &quot;src&quot;: &quot;https:\\\/\\\/cms.zdv.uni-mainz.de\\\/fb07-geschichte\\\/wp-content\\\/uploads\\\/sites\\\/330\\\/2024\\\/11\\\/Tag_der_Lehre_2017-07-05_57658_\\u00a9_A.Linsenmann.jpg&quot;\n        },\n        {\n            &quot;url&quot;: &quot;https:\\\/\\\/cms.zdv.uni-mainz.de\\\/fb07-geschichte\\\/wp-content\\\/uploads\\\/sites\\\/330\\\/2024\\\/11\\\/Tag_der_Lehre_2017-07-05_57669_\\u00a9_A.Linsenmann.jpg&quot;,\n            &quot;id&quot;: 12661,\n            &quot;credit&quot;: &quot;Andreas Linsenmann&quot;,\n            &quot;title&quot;: &quot;Tag_der_Lehre_2017-07-05_57669_\\u00a9_A.Linsenmann&quot;,\n            &quot;width&quot;: 1000,\n            &quot;height&quot;: 667,\n            &quot;srcset&quot;: &quot;https:\\\/\\\/cms.zdv.uni-mainz.de\\\/fb07-geschichte\\\/wp-content\\\/uploads\\\/sites\\\/330\\\/2024\\\/11\\\/Tag_der_Lehre_2017-07-05_57669_\\u00a9_A.Linsenmann.jpg 1000w, https:\\\/\\\/cms.zdv.uni-mainz.de\\\/fb07-geschichte\\\/wp-content\\\/uploads\\\/sites\\\/330\\\/2024\\\/11\\\/Tag_der_Lehre_2017-07-05_57669_\\u00a9_A.Linsenmann-300x200.jpg 300w, https:\\\/\\\/cms.zdv.uni-mainz.de\\\/fb07-geschichte\\\/wp-content\\\/uploads\\\/sites\\\/330\\\/2024\\\/11\\\/Tag_der_Lehre_2017-07-05_57669_\\u00a9_A.Linsenmann-768x512.jpg 768w&quot;,\n            &quot;src&quot;: &quot;https:\\\/\\\/cms.zdv.uni-mainz.de\\\/fb07-geschichte\\\/wp-content\\\/uploads\\\/sites\\\/330\\\/2024\\\/11\\\/Tag_der_Lehre_2017-07-05_57669_\\u00a9_A.Linsenmann.jpg&quot;\n        },\n        {\n            &quot;url&quot;: &quot;https:\\\/\\\/cms.zdv.uni-mainz.de\\\/fb07-geschichte\\\/wp-content\\\/uploads\\\/sites\\\/330\\\/2024\\\/11\\\/Tag_der_Lehre_2017-07-05_57691_\\u00a9_A.Linsenmann.jpg&quot;,\n            &quot;id&quot;: 12538,\n            &quot;credit&quot;: &quot;Andreas Linsenmann&quot;,\n            &quot;title&quot;: &quot;Tag_der_Lehre_2017-07-05_57691_\\u00a9_A.Linsenmann&quot;,\n            &quot;width&quot;: 1000,\n            &quot;height&quot;: 667,\n            &quot;srcset&quot;: &quot;https:\\\/\\\/cms.zdv.uni-mainz.de\\\/fb07-geschichte\\\/wp-content\\\/uploads\\\/sites\\\/330\\\/2024\\\/11\\\/Tag_der_Lehre_2017-07-05_57691_\\u00a9_A.Linsenmann.jpg 1000w, https:\\\/\\\/cms.zdv.uni-mainz.de\\\/fb07-geschichte\\\/wp-content\\\/uploads\\\/sites\\\/330\\\/2024\\\/11\\\/Tag_der_Lehre_2017-07-05_57691_\\u00a9_A.Linsenmann-300x200.jpg 300w, https:\\\/\\\/cms.zdv.uni-mainz.de\\\/fb07-geschichte\\\/wp-content\\\/uploads\\\/sites\\\/330\\\/2024\\\/11\\\/Tag_der_Lehre_2017-07-05_57691_\\u00a9_A.Linsenmann-768x512.jpg 768w&quot;,\n            &quot;src&quot;: &quot;https:\\\/\\\/cms.zdv.uni-mainz.de\\\/fb07-geschichte\\\/wp-content\\\/uploads\\\/sites\\\/330\\\/2024\\\/11\\\/Tag_der_Lehre_2017-07-05_57691_\\u00a9_A.Linsenmann.jpg&quot;\n        },\n        {\n            &quot;url&quot;: &quot;https:\\\/\\\/cms.zdv.uni-mainz.de\\\/fb07-geschichte\\\/wp-content\\\/uploads\\\/sites\\\/330\\\/2024\\\/11\\\/Tag_der_Lehre_2017-07-05_57694_\\u00a9_A.Linsenmann.jpg&quot;,\n            &quot;id&quot;: 12541,\n            &quot;credit&quot;: &quot;Andreas Linsenmann&quot;,\n            &quot;title&quot;: &quot;Tag_der_Lehre_2017-07-05_57694_\\u00a9_A.Linsenmann&quot;,\n            &quot;width&quot;: 1000,\n            &quot;height&quot;: 667,\n            &quot;srcset&quot;: &quot;https:\\\/\\\/cms.zdv.uni-mainz.de\\\/fb07-geschichte\\\/wp-content\\\/uploads\\\/sites\\\/330\\\/2024\\\/11\\\/Tag_der_Lehre_2017-07-05_57694_\\u00a9_A.Linsenmann.jpg 1000w, https:\\\/\\\/cms.zdv.uni-mainz.de\\\/fb07-geschichte\\\/wp-content\\\/uploads\\\/sites\\\/330\\\/2024\\\/11\\\/Tag_der_Lehre_2017-07-05_57694_\\u00a9_A.Linsenmann-300x200.jpg 300w, https:\\\/\\\/cms.zdv.uni-mainz.de\\\/fb07-geschichte\\\/wp-content\\\/uploads\\\/sites\\\/330\\\/2024\\\/11\\\/Tag_der_Lehre_2017-07-05_57694_\\u00a9_A.Linsenmann-768x512.jpg 768w&quot;,\n            &quot;src&quot;: &quot;https:\\\/\\\/cms.zdv.uni-mainz.de\\\/fb07-geschichte\\\/wp-content\\\/uploads\\\/sites\\\/330\\\/2024\\\/11\\\/Tag_der_Lehre_2017-07-05_57694_\\u00a9_A.Linsenmann.jpg&quot;\n        },\n        {\n            &quot;url&quot;: &quot;https:\\\/\\\/cms.zdv.uni-mainz.de\\\/fb07-geschichte\\\/wp-content\\\/uploads\\\/sites\\\/330\\\/2024\\\/11\\\/Tag_der_Lehre_2017-07-05_57696_\\u00a9_A.Linsenmann.jpg&quot;,\n            &quot;id&quot;: 12544,\n            &quot;credit&quot;: &quot;Andreas Linsenmann&quot;,\n            &quot;title&quot;: &quot;Tag_der_Lehre_2017-07-05_57696_\\u00a9_A.Linsenmann&quot;,\n            &quot;width&quot;: 1000,\n            &quot;height&quot;: 667,\n            &quot;srcset&quot;: &quot;https:\\\/\\\/cms.zdv.uni-mainz.de\\\/fb07-geschichte\\\/wp-content\\\/uploads\\\/sites\\\/330\\\/2024\\\/11\\\/Tag_der_Lehre_2017-07-05_57696_\\u00a9_A.Linsenmann.jpg 1000w, https:\\\/\\\/cms.zdv.uni-mainz.de\\\/fb07-geschichte\\\/wp-content\\\/uploads\\\/sites\\\/330\\\/2024\\\/11\\\/Tag_der_Lehre_2017-07-05_57696_\\u00a9_A.Linsenmann-300x200.jpg 300w, https:\\\/\\\/cms.zdv.uni-mainz.de\\\/fb07-geschichte\\\/wp-content\\\/uploads\\\/sites\\\/330\\\/2024\\\/11\\\/Tag_der_Lehre_2017-07-05_57696_\\u00a9_A.Linsenmann-768x512.jpg 768w&quot;,\n            &quot;src&quot;: &quot;https:\\\/\\\/cms.zdv.uni-mainz.de\\\/fb07-geschichte\\\/wp-content\\\/uploads\\\/sites\\\/330\\\/2024\\\/11\\\/Tag_der_Lehre_2017-07-05_57696_\\u00a9_A.Linsenmann.jpg&quot;\n        },\n        {\n            &quot;url&quot;: &quot;https:\\\/\\\/cms.zdv.uni-mainz.de\\\/fb07-geschichte\\\/wp-content\\\/uploads\\\/sites\\\/330\\\/2024\\\/11\\\/Tag_der_Lehre_2017-07-05_57698_\\u00a9_A.Linsenmann.jpg&quot;,\n            &quot;id&quot;: 12547,\n            &quot;credit&quot;: &quot;Andreas Linsenmann&quot;,\n            &quot;title&quot;: &quot;Tag_der_Lehre_2017-07-05_57698_\\u00a9_A.Linsenmann&quot;,\n            &quot;width&quot;: 1000,\n            &quot;height&quot;: 667,\n            &quot;srcset&quot;: &quot;https:\\\/\\\/cms.zdv.uni-mainz.de\\\/fb07-geschichte\\\/wp-content\\\/uploads\\\/sites\\\/330\\\/2024\\\/11\\\/Tag_der_Lehre_2017-07-05_57698_\\u00a9_A.Linsenmann.jpg 1000w, https:\\\/\\\/cms.zdv.uni-mainz.de\\\/fb07-geschichte\\\/wp-content\\\/uploads\\\/sites\\\/330\\\/2024\\\/11\\\/Tag_der_Lehre_2017-07-05_57698_\\u00a9_A.Linsenmann-300x200.jpg 300w, https:\\\/\\\/cms.zdv.uni-mainz.de\\\/fb07-geschichte\\\/wp-content\\\/uploads\\\/sites\\\/330\\\/2024\\\/11\\\/Tag_der_Lehre_2017-07-05_57698_\\u00a9_A.Linsenmann-768x512.jpg 768w&quot;,\n            &quot;src&quot;: &quot;https:\\\/\\\/cms.zdv.uni-mainz.de\\\/fb07-geschichte\\\/wp-content\\\/uploads\\\/sites\\\/330\\\/2024\\\/11\\\/Tag_der_Lehre_2017-07-05_57698_\\u00a9_A.Linsenmann.jpg&quot;\n        },\n        {\n            &quot;url&quot;: &quot;https:\\\/\\\/cms.zdv.uni-mainz.de\\\/fb07-geschichte\\\/wp-content\\\/uploads\\\/sites\\\/330\\\/2024\\\/11\\\/Tag_der_Lehre_2017-07-05_57701_\\u00a9_A.Linsenmann.jpg&quot;,\n            &quot;id&quot;: 12553,\n            &quot;credit&quot;: &quot;Andreas Linsenmann&quot;,\n            &quot;title&quot;: &quot;Tag_der_Lehre_2017-07-05_57701_\\u00a9_A.Linsenmann&quot;,\n            &quot;width&quot;: 1000,\n            &quot;height&quot;: 666,\n            &quot;srcset&quot;: &quot;https:\\\/\\\/cms.zdv.uni-mainz.de\\\/fb07-geschichte\\\/wp-content\\\/uploads\\\/sites\\\/330\\\/2024\\\/11\\\/Tag_der_Lehre_2017-07-05_57701_\\u00a9_A.Linsenmann.jpg 1000w, https:\\\/\\\/cms.zdv.uni-mainz.de\\\/fb07-geschichte\\\/wp-content\\\/uploads\\\/sites\\\/330\\\/2024\\\/11\\\/Tag_der_Lehre_2017-07-05_57701_\\u00a9_A.Linsenmann-300x200.jpg 300w, https:\\\/\\\/cms.zdv.uni-mainz.de\\\/fb07-geschichte\\\/wp-content\\\/uploads\\\/sites\\\/330\\\/2024\\\/11\\\/Tag_der_Lehre_2017-07-05_57701_\\u00a9_A.Linsenmann-768x511.jpg 768w&quot;,\n            &quot;src&quot;: &quot;https:\\\/\\\/cms.zdv.uni-mainz.de\\\/fb07-geschichte\\\/wp-content\\\/uploads\\\/sites\\\/330\\\/2024\\\/11\\\/Tag_der_Lehre_2017-07-05_57701_\\u00a9_A.Linsenmann.jpg&quot;\n        }\n    ],\n    &quot;withThumbs&quot;: false,\n    &quot;previewNext&quot;: false,\n    &quot;align&quot;: &quot;wide&quot;,\n    &quot;thumbsPosition&quot;: &quot;right&quot;,\n    &quot;initSlide&quot;: 1,\n    &quot;aspectRatio&quot;: &quot;16-9&quot;,\n    &quot;screenwidth&quot;: false,\n    &quot;width&quot;: &quot;100cqw&quot;,\n    &quot;perPage&quot;: 1\n}\">\n\n<\/jgu-base-imagegallery>\n<\/div>\n<\/div>\n\n\n<\/jgu-base-accordionitem>\n\n<jgu-base-accordionitem react-props=\"{&quot;title&quot;:&quot;Digital Methods as a Challenge for Teaching Historical Studies&quot;,&quot;init&quot;:false,&quot;slug&quot;:&quot;digitale-medien-als-herausforderung-fur-die-geschichtswissenschaftliche-lehre&quot;,&quot;align&quot;:&quot;wide&quot;,&quot;customSlug&quot;:false}\">\n    \n\n<p>Digitization is currently one of the greatest challenges for university teaching. On the one hand, this challenge is particularly important for historical studies, as methods of knowledge development and source criticism are at the core of the subject of history and affect its very identity. New tools and technologies bring with them new theoretical and methodological problems and change the institutions of memory that are central to historians. On the other hand, students today come to university with completely different experiences and backgrounds. They use digital methods and resources as a matter of course, but often without the basic skills to classify and evaluate them. This twofold challenge is countered by a lack of subject-specific university didactics training and further education for teaching staff.<\/p>\n\n\n\n<p>This project has therefore set itself the goal of improving the teaching of skills in the use of digital methods in a sustainable and future-oriented manner in three steps: Reflection on the current situation, training and further education of mid-level academic staff, and development of a cross-epochal concept for the use of digital items in history teaching at the Department of History.<\/p>\n\n\n<\/jgu-base-accordionitem>\n\n<jgu-base-accordionitem react-props=\"{&quot;title&quot;:&quot;Courses for International Students&quot;,&quot;init&quot;:false,&quot;slug&quot;:&quot;studienangebote-fur-internationale-studierende&quot;,&quot;align&quot;:&quot;wide&quot;,&quot;customSlug&quot;:false}\">\n    \n\n<p>In conjunction with other disciplines at JGU, the Department of History offers courses designed to meet the specific learning needs of exchange students. These two-hour courses with changing topics every semester semester are supplemented by two-hour tutorials that introduce students to the basics of academic work in a German-speaking university context.<\/p>\n\n\n\n<p>Contact and more information: <a href=\"https:\/\/zeitgeschichte.uni-mainz.de\/wir-ueber-uns\/dr-pia-nordblom\/\" data-type=\"link\" data-id=\"https:\/\/zeitgeschichte.uni-mainz.de\/wir-ueber-uns\/dr-pia-nordblom\/\" target=\"_blank\" rel=\"noreferrer noopener\">Dr. Pia Nordblom<\/a>.<\/p>\n\n\n<jgu-base-button style=\"display: flex; flex-wrap: wrap; column-gap: 30px; max-width: 100%; flex-direction: row; justify-content: left\">\n  \n<jgu-base-buttonitem react-props=\"{\n    &quot;text&quot;: &quot;Description of the project on the Nexus pages of the HRK&quot;,\n    &quot;styling&quot;: &quot;default&quot;,\n    &quot;link&quot;: {\n        &quot;url&quot;: &quot;https:\\\/\\\/www.hrk-nexus.de\\\/material\\\/gute-beispiele-und-konzepte-good-practice\\\/detailansicht\\\/meldung\\\/lehrveranstaltungen-fuer-incomings-3524\\\/&quot;,\n        &quot;linkTarget&quot;: &quot;&quot;,\n        &quot;rel&quot;: &quot;&quot;,\n        &quot;id&quot;: &quot;https:\\\/\\\/www.hrk-nexus.de\\\/material\\\/gute-beispiele-und-konzepte-good-practice\\\/detailansicht\\\/meldung\\\/lehrveranstaltungen-fuer-incomings-3524\\\/&quot;,\n        &quot;title&quot;: &quot;https:\\\/\\\/www.hrk-nexus.de\\\/material\\\/gute-beispiele-und-konzepte-good-practice\\\/detailansicht\\\/meldung\\\/lehrveranstaltungen-fuer-incomings-3524\\\/&quot;,\n        &quot;type&quot;: &quot;link&quot;,\n        &quot;opensInNewTab&quot;: true\n    },\n    &quot;align&quot;: &quot;left&quot;,\n    &quot;icon&quot;: &quot;arrow-right-solid&quot;,\n    &quot;type&quot;: &quot;default&quot;,\n    &quot;iconBefore&quot;: false,\n    &quot;isSmall&quot;: false,\n    &quot;fullWidth&quot;: false,\n    &quot;className&quot;: &quot;&quot;\n}\"><\/jgu-base-buttonitem>\n\n<\/jgu-base-button>\n\n<\/jgu-base-accordionitem>\n\n<jgu-base-accordionitem react-props=\"{&quot;title&quot;:&quot;Research-Oriented Teaching Projects&quot;,&quot;init&quot;:false,&quot;slug&quot;:&quot;forschungsorientierte-lehrprojekte&quot;,&quot;align&quot;:&quot;wide&quot;,&quot;customSlug&quot;:false}\">\n    \n\n<div class=\"wp-block-columns is-layout-flex wp-container-core-columns-is-layout-9d6595d7 wp-block-columns-is-layout-flex\">\n<div class=\"wp-block-column is-layout-flow wp-block-column-is-layout-flow\" style=\"flex-basis:66.66%\">\n<p>The Department of History has long been offering research-oriented teaching projects on a wide variety of topics from all eras in order to meet the motivation and commitment of students and to demonstrate historical scholarship beyond the subject-specific paths of a term paper. The Dies Legendi of the Gutenberg Teaching College in October 2015 gave the Department of History, along with the other subjects at Faculty 07, the opportunity to present a selection of these projects to a broader public interested in learning and teaching. Here are some snapshots from this event:<\/p>\n<\/div>\n\n\n\n<div class=\"wp-block-column is-layout-flow wp-block-column-is-layout-flow\" style=\"flex-basis:33.33%\"><jgu-base-imagegallery react-props=\"{\n    &quot;images&quot;: [\n        {\n            &quot;url&quot;: &quot;https:\\\/\\\/cms.zdv.uni-mainz.de\\\/fb07-geschichte\\\/wp-content\\\/uploads\\\/sites\\\/330\\\/2025\\\/02\\\/DSC0419.jpg&quot;,\n            &quot;id&quot;: 13452,\n            &quot;credit&quot;: &quot;Peter Kiefer&quot;,\n            &quot;title&quot;: &quot;DSC0419&quot;,\n            &quot;width&quot;: 794,\n            &quot;height&quot;: 528,\n            &quot;srcset&quot;: &quot;https:\\\/\\\/cms.zdv.uni-mainz.de\\\/fb07-geschichte\\\/wp-content\\\/uploads\\\/sites\\\/330\\\/2025\\\/02\\\/DSC0419.jpg 794w, https:\\\/\\\/cms.zdv.uni-mainz.de\\\/fb07-geschichte\\\/wp-content\\\/uploads\\\/sites\\\/330\\\/2025\\\/02\\\/DSC0419-300x199.jpg 300w, https:\\\/\\\/cms.zdv.uni-mainz.de\\\/fb07-geschichte\\\/wp-content\\\/uploads\\\/sites\\\/330\\\/2025\\\/02\\\/DSC0419-768x511.jpg 768w&quot;,\n            &quot;src&quot;: &quot;https:\\\/\\\/cms.zdv.uni-mainz.de\\\/fb07-geschichte\\\/wp-content\\\/uploads\\\/sites\\\/330\\\/2025\\\/02\\\/DSC0419.jpg&quot;\n        },\n        {\n            &quot;url&quot;: &quot;https:\\\/\\\/cms.zdv.uni-mainz.de\\\/fb07-geschichte\\\/wp-content\\\/uploads\\\/sites\\\/330\\\/2025\\\/02\\\/DSC0420.jpg&quot;,\n            &quot;id&quot;: 13455,\n            &quot;credit&quot;: &quot;Peter Kiefer&quot;,\n            &quot;title&quot;: &quot;DSC0420&quot;,\n            &quot;width&quot;: 794,\n            &quot;height&quot;: 551,\n            &quot;srcset&quot;: &quot;https:\\\/\\\/cms.zdv.uni-mainz.de\\\/fb07-geschichte\\\/wp-content\\\/uploads\\\/sites\\\/330\\\/2025\\\/02\\\/DSC0420.jpg 794w, https:\\\/\\\/cms.zdv.uni-mainz.de\\\/fb07-geschichte\\\/wp-content\\\/uploads\\\/sites\\\/330\\\/2025\\\/02\\\/DSC0420-300x208.jpg 300w, https:\\\/\\\/cms.zdv.uni-mainz.de\\\/fb07-geschichte\\\/wp-content\\\/uploads\\\/sites\\\/330\\\/2025\\\/02\\\/DSC0420-768x533.jpg 768w&quot;,\n            &quot;src&quot;: &quot;https:\\\/\\\/cms.zdv.uni-mainz.de\\\/fb07-geschichte\\\/wp-content\\\/uploads\\\/sites\\\/330\\\/2025\\\/02\\\/DSC0420.jpg&quot;\n        },\n        {\n            &quot;url&quot;: &quot;https:\\\/\\\/cms.zdv.uni-mainz.de\\\/fb07-geschichte\\\/wp-content\\\/uploads\\\/sites\\\/330\\\/2025\\\/02\\\/DSC0440.jpg&quot;,\n            &quot;id&quot;: 13458,\n            &quot;credit&quot;: &quot;Peter Kiefer&quot;,\n            &quot;title&quot;: &quot;DSC0440&quot;,\n            &quot;width&quot;: 794,\n            &quot;height&quot;: 528,\n            &quot;srcset&quot;: &quot;https:\\\/\\\/cms.zdv.uni-mainz.de\\\/fb07-geschichte\\\/wp-content\\\/uploads\\\/sites\\\/330\\\/2025\\\/02\\\/DSC0440.jpg 794w, https:\\\/\\\/cms.zdv.uni-mainz.de\\\/fb07-geschichte\\\/wp-content\\\/uploads\\\/sites\\\/330\\\/2025\\\/02\\\/DSC0440-300x199.jpg 300w, https:\\\/\\\/cms.zdv.uni-mainz.de\\\/fb07-geschichte\\\/wp-content\\\/uploads\\\/sites\\\/330\\\/2025\\\/02\\\/DSC0440-768x511.jpg 768w&quot;,\n            &quot;src&quot;: &quot;https:\\\/\\\/cms.zdv.uni-mainz.de\\\/fb07-geschichte\\\/wp-content\\\/uploads\\\/sites\\\/330\\\/2025\\\/02\\\/DSC0440.jpg&quot;\n        }\n    ],\n    &quot;withThumbs&quot;: false,\n    &quot;previewNext&quot;: false,\n    &quot;align&quot;: &quot;wide&quot;,\n    &quot;thumbsPosition&quot;: &quot;right&quot;,\n    &quot;initSlide&quot;: 1,\n    &quot;aspectRatio&quot;: &quot;16-9&quot;,\n    &quot;screenwidth&quot;: false,\n    &quot;width&quot;: &quot;100cqw&quot;,\n    &quot;perPage&quot;: 1\n}\">\n\n<\/jgu-base-imagegallery>\n<\/div>\n<\/div>\n\n\n\n<p>The three posters of the Department of History can be found here:<\/p>\n\n\n\n<ul class=\"wp-block-list\">\n<li><a href=\"https:\/\/www.geschichte.uni-mainz.de\/wp-content\/uploads\/sites\/330\/2025\/02\/Forschend_lernen_RAF.pdf\" data-type=\"link\" data-id=\"https:\/\/www.geschichte.uni-mainz.de\/wp-content\/uploads\/sites\/330\/2025\/02\/Forschend_lernen_RAF.pdf\" target=\"_blank\" rel=\"noreferrer noopener\">Die Rote Armee Fraktion (RAF) \u2013 Ein deutsches Trauma?<\/a><\/li>\n\n\n\n<li><a href=\"https:\/\/www.geschichte.uni-mainz.de\/wp-content\/uploads\/sites\/330\/2025\/02\/Forschend_lernen_mediaevistisch.pdf\" data-type=\"link\" data-id=\"https:\/\/www.geschichte.uni-mainz.de\/wp-content\/uploads\/sites\/330\/2025\/02\/Forschend_lernen_mediaevistisch.pdf\" target=\"_blank\" rel=\"noreferrer noopener\">Germanistisch-Historischer Arbeitskreis \u2013 Arbeit an mittelalterlichen und fr\u00fchneuzeitlichen Originalhandschriften in der Region<\/a><\/li>\n\n\n\n<li><a href=\"https:\/\/www.geschichte.uni-mainz.de\/wp-content\/uploads\/sites\/330\/2025\/02\/Forschend_lernen_osmanisch.pdf\" data-type=\"link\" data-id=\"https:\/\/www.geschichte.uni-mainz.de\/wp-content\/uploads\/sites\/330\/2025\/02\/Forschend_lernen_osmanisch.pdf\" target=\"_blank\" rel=\"noreferrer noopener\">Osmanisch-deutsche Verflechtungen und die Armeniergr\u00e4uel im Ersten Weltkrieg \u2013 ein Ausstellungsprojekt zum V\u00f6lkermord an den Armeniern<\/a><\/li>\n<\/ul>\n\n\n<\/jgu-base-accordionitem>\n\n<jgu-base-accordionitem react-props=\"{&quot;title&quot;:&quot;\\&quot;Geschichte k\\u00f6nnen\\&quot; (GLK project of Gruppe 3)&quot;,&quot;init&quot;:false,&quot;slug&quot;:&quot;geschichte-konnen-glk-projekt-der-gruppe-3&quot;,&quot;align&quot;:&quot;wide&quot;,&quot;customSlug&quot;:false}\">\n    \n<jgu-base-heading react-props=\"{\n    &quot;index&quot;: &quot;Teaching project&quot;,\n    &quot;tags&quot;: {\n        &quot;htmlTag&quot;: &quot;h2&quot;,\n        &quot;classTag&quot;: &quot;h4&quot;,\n        &quot;tag&quot;: &quot;h2.h4&quot;\n    },\n    &quot;heading&quot;: &quot;Geschichte k\\u00f6nnen. &lt;br&gt;Impulse zur Professionalisierung &lt;br&gt;der Hochschuldidaktik in &lt;br&gt;geschichtswissenschaftlichen Proseminaren&quot;,\n    &quot;textAlign&quot;: &quot;left&quot;,\n    &quot;anchor&quot;: &quot;&quot;,\n    &quot;color&quot;: &quot;red&quot;\n}\"><\/jgu-base-heading>\n\n\n\n<div class=\"wp-block-media-text has-media-on-the-right is-stacked-on-mobile is-vertically-aligned-center\"><div class=\"wp-block-media-text__content\">\n<p><strong>Organizers: Dr. Andreas Frings, Dr. Christine Kleinjung, Dr. Andreas Linsenmann<\/strong><\/p>\n\n\n\n<p>Introductory seminars are considered a central element in the program of study in History, as they are characterized by a pronounced focus on skills: In them, students should be given the technical and subject-specific skills required for academic papers. The catalog of skills to be taught is continuously adapted and further developed. This is where the teaching project comes in. It aims to offer teaching staff sustainable impulses for reflection and knowledge. By systematically integrating the students&#8217; perspectives, the project also aims to raise awareness among teaching staff and improve the compatibility of the perspectives of both sides. To this end, three events were held in the 2012 summer semester to promote reflection and discussion. In the winter semester 2012\/13, the transfer into practice followed, flanked by forms of collegial exchange and competence-oriented surveys in the introductory seminars. There were also surveys on students&#8217; self-images and role expectations, which in turn were incorporated into the teaching methods. We plan to publish the results of the project.        <\/p>\n\n\n\n<p><strong>Student Assistants<\/strong>: Jelena Menderetska, Aline Breuer<\/p>\n\n\n<jgu-base-button style=\"display: flex; flex-wrap: wrap; column-gap: 30px; max-width: 100%; flex-direction: row; justify-content: left\">\n  \n<jgu-base-buttonitem react-props=\"{\n    &quot;text&quot;: &quot;Report in the LuST-Magazine of JGU Mainz 03\\\/2013, p. 17 (PDF)&quot;,\n    &quot;icon&quot;: &quot;download-solid&quot;,\n    &quot;link&quot;: {\n        &quot;url&quot;: &quot;https:\\\/\\\/cms.zdv.uni-mainz.de\\\/fb07-geschichte\\\/wp-content\\\/uploads\\\/sites\\\/330\\\/2025\\\/02\\\/JGU_LuST_03_17.pdf&quot;,\n        &quot;linkTarget&quot;: &quot;&quot;,\n        &quot;rel&quot;: &quot;&quot;,\n        &quot;id&quot;: &quot;https:\\\/\\\/cms.zdv.uni-mainz.de\\\/fb07-geschichte\\\/wp-content\\\/uploads\\\/sites\\\/330\\\/2025\\\/02\\\/JGU_LuST_03_17.pdf&quot;,\n        &quot;title&quot;: &quot;https:\\\/\\\/cms.zdv.uni-mainz.de\\\/fb07-geschichte\\\/wp-content\\\/uploads\\\/sites\\\/330\\\/2025\\\/02\\\/JGU_LuST_03_17.pdf&quot;,\n        &quot;type&quot;: &quot;link&quot;,\n        &quot;opensInNewTab&quot;: true\n    },\n    &quot;align&quot;: &quot;left&quot;,\n    &quot;styling&quot;: &quot;primary&quot;,\n    &quot;type&quot;: &quot;default&quot;,\n    &quot;iconBefore&quot;: false,\n    &quot;isSmall&quot;: false,\n    &quot;fullWidth&quot;: false,\n    &quot;className&quot;: &quot;&quot;\n}\"><\/jgu-base-buttonitem>\n\n<\/jgu-base-button>\n\n\n<p><strong>Contact<\/strong><\/p>\n\n\n\n<ul class=\"wp-block-list\">\n<li><a href=\"https:\/\/www.geschichte.uni-mainz.de\/en\/learning-and-teaching\/management-of-course-of-studies\/\" data-type=\"page\" data-id=\"9318\" target=\"_blank\" rel=\"noreferrer noopener\">Dr. Andreas Frings<\/a><\/li>\n\n\n\n<li><a href=\"https:\/\/www.geschichte.uni-mainz.de\/en\/learning-and-teaching\/deputy-studies-manager\/\" data-type=\"page\" data-id=\"9324\" target=\"_blank\" rel=\"noreferrer noopener\">Dr. Andreas Linsenmann<\/a><\/li>\n<\/ul>\n<\/div><figure class=\"wp-block-media-text__media\"><img loading=\"lazy\" decoding=\"async\" width=\"800\" height=\"274\" src=\"https:\/\/www.geschichte.uni-mainz.de\/wp-content\/uploads\/sites\/330\/2025\/02\/12-06-14_2071_Gesamt_klein.jpg\" alt=\"\" class=\"wp-image-13476 size-full\" srcset=\"https:\/\/cms.zdv.uni-mainz.de\/fb07-geschichte\/wp-content\/uploads\/sites\/330\/2025\/02\/12-06-14_2071_Gesamt_klein.jpg 800w, https:\/\/cms.zdv.uni-mainz.de\/fb07-geschichte\/wp-content\/uploads\/sites\/330\/2025\/02\/12-06-14_2071_Gesamt_klein-300x103.jpg 300w, https:\/\/cms.zdv.uni-mainz.de\/fb07-geschichte\/wp-content\/uploads\/sites\/330\/2025\/02\/12-06-14_2071_Gesamt_klein-768x263.jpg 768w\" sizes=\"auto, (max-width: 800px) 100vw, 800px\" \/><\/figure><\/div>\n\n\n<\/jgu-base-accordionitem>\n\n<jgu-base-accordionitem react-props=\"{&quot;title&quot;:&quot;Further Development of the Academic Advisory Office (LOB project, Teaching Quality Pact)&quot;,&quot;init&quot;:false,&quot;slug&quot;:&quot;weiterentwicklung-der-studienfachberatung-lob-projekt-qualitatspakt-lehre&quot;,&quot;align&quot;:&quot;wide&quot;,&quot;customSlug&quot;:false}\">\n    \n\n<div class=\"wp-block-media-text has-media-on-the-right is-stacked-on-mobile\"><div class=\"wp-block-media-text__content\">\n<p><strong>Project manager: Dr. Andreas Frings<\/strong><\/p>\n\n\n<jgu-base-button style=\"display: flex; flex-wrap: wrap; column-gap: 30px; max-width: 100%; flex-direction: row; justify-content: left\">\n  \n<jgu-base-buttonitem react-props=\"{\n    &quot;text&quot;: &quot;Further information on the overall project (LOB project) &quot;,\n    &quot;link&quot;: {\n        &quot;url&quot;: &quot;https:\\\/\\\/www.lob.uni-mainz.de\\\/&quot;,\n        &quot;linkTarget&quot;: &quot;&quot;,\n        &quot;rel&quot;: &quot;&quot;,\n        &quot;id&quot;: &quot;https:\\\/\\\/www.lob.uni-mainz.de\\\/&quot;,\n        &quot;title&quot;: &quot;https:\\\/\\\/www.lob.uni-mainz.de\\\/&quot;,\n        &quot;type&quot;: &quot;link&quot;,\n        &quot;opensInNewTab&quot;: true\n    },\n    &quot;align&quot;: &quot;left&quot;,\n    &quot;styling&quot;: &quot;primary&quot;,\n    &quot;icon&quot;: &quot;arrow-right-solid&quot;,\n    &quot;type&quot;: &quot;default&quot;,\n    &quot;iconBefore&quot;: false,\n    &quot;isSmall&quot;: false,\n    &quot;fullWidth&quot;: false,\n    &quot;className&quot;: &quot;&quot;\n}\"><\/jgu-base-buttonitem>\n\n<\/jgu-base-button>\n\n\n<p>Since the end of 2012, the Department of History has continuously expanded the services of its academic advisory office, aligning them with the needs of history students in the various phases of their studies, as well as the transition phases between school, university, and the transition to a profession. Individual advising is accompanied by information events, mentoring offers and professional orientation measures. Further steps are planned for the second project phase from 2017\u20132020:<\/p>\n\n\n\n<p><strong>Measures (selection)<\/strong><\/p>\n\n\n\n<ul class=\"wp-block-list\">\n<li>Establishment of peer-to-peer workshops for exam preparation in the first academic year<\/li>\n\n\n\n<li>Establishment of an (extracurricular) subject-specific offer for master&#8217;s degree students<\/li>\n\n\n\n<li>Internationalization at home, including accompanying and supporting (international) student conferences<\/li>\n\n\n\n<li>Extension of introductory seminar tutorials through writing support in peer learning<\/li>\n\n\n\n<li>Expansion of the range of events for career orientation<\/li>\n<\/ul>\n\n\n\n<p>If you have any suggestions, please contact Dr. Freia Anders directly.<\/p>\n\n\n<jgu-base-idm-person react-props=\"{\n    &quot;id&quot;: &quot;3359&quot;,\n    &quot;organizationId&quot;: 2025,\n    &quot;roleId&quot;: 40,\n    &quot;name&quot;: &quot;&quot;,\n    &quot;link&quot;: &quot;idm&quot;,\n    &quot;skipDetails&quot;: [],\n    &quot;align&quot;: &quot;left&quot;,\n    &quot;color&quot;: &quot;default&quot;,\n    &quot;mode&quot;: &quot;edit&quot;,\n    &quot;linkType&quot;: &quot;idm&quot;\n}\">\n        \n<\/jgu-base-idm-person>\n\n\n\n<p>LOB project, funding code 01PL17055: This project is funded by the federal ministry of education and research under the funding code 01PL17055. The author is responsible for the content of this publication.<\/p>\n<\/div><figure class=\"wp-block-media-text__media\"><img loading=\"lazy\" decoding=\"async\" width=\"1024\" height=\"201\" src=\"https:\/\/www.geschichte.uni-mainz.de\/wp-content\/uploads\/sites\/330\/2024\/09\/LOB_Symbole_mit_Logo_und_BMBF-1024x201.jpg\" alt=\"\" class=\"wp-image-10361 size-full\" \/><\/figure><\/div>\n\n\n<\/jgu-base-accordionitem>\n\n<jgu-base-accordionitem react-props=\"{&quot;title&quot;:&quot;Peer Observation (project of the Center for Quality Assurance and Development)&quot;,&quot;init&quot;:false,&quot;slug&quot;:&quot;kollegiale-hospitation-zq-projekt&quot;,&quot;align&quot;:&quot;wide&quot;,&quot;customSlug&quot;:false}\">\n    \n\n<p>JGU won the 2009 Rhineland-Palatinate Teaching Excellence Competition with its concept for the strategic direction of teaching and further development of teaching skills (&#8220;Strategischen Ausrichtung der Lehre und Weiterentwicklung der Lehrkompetenz an der Johannes Gutenberg-Universit\u00e4t Mainz&#8221;). At the heart of this concept is a comprehensive university didactics approach, which was initially tested in the subjects of Biology, German Studies, and History. The aim is to further develop teaching skills with the help of university didactics courses and to grant the opportunity for collegial exchange (both within and across disciplines) on teaching issues in order to do justice to the simultaneity of individual and collective responsibility for teaching. The program spanned three semesters and was essentially composed of the following program elements:<\/p>\n\n\n\n<p><strong>Workshops<\/strong><\/p>\n\n\n\n<p>University didactics principles for implementing the \u201cshift from teaching to learning\u201d<\/p>\n\n\n\n<p>Specialization in subject didactics in line with the topics requested by the participants<\/p>\n\n\n\n<p><strong>Disciplinary work shadowing<\/strong><\/p>\n\n\n\n<p>Individual, practical implementation of the course content<\/p>\n\n\n\n<p>In groups of two, one session per member of teaching staff: preliminary discussion, mutual attendance at sessions (by mutual agreement), and debriefing<\/p>\n\n\n\n<p><strong>Collegial practical advice<\/strong><\/p>\n\n\n\n<p>Discussion of experiences on tandem work<\/p>\n\n\n\n<p>Forum for overarching and situation-specific teaching issues<\/p>\n\n\n\n<p><strong>Interdisciplinary presentation training<\/strong><\/p>\n\n\n\n<p>Basics of presentation design, breathing, speaking, and body language<\/p>\n\n\n\n<p>Own presentation with video recording and collegial feedback<\/p>\n\n\n\n<p><strong>Interdisziplinary work shadowing<\/strong><\/p>\n\n\n\n<p>Mutual course visits in groups of three members of teaching staff with subsequent feedback to the lecturers<\/p>\n\n\n\n<p>The individual elements are regularly evaluated for quality assurance purposes. <\/p>\n\n\n<jgu-base-button style=\"display: flex; flex-wrap: wrap; column-gap: 30px; max-width: 100%; flex-direction: row; justify-content: left\">\n  \n<jgu-base-buttonitem react-props=\"{\n    &quot;text&quot;: &quot;Homepage of the Center for Quality Assurance and Development&quot;,\n    &quot;link&quot;: {\n        &quot;url&quot;: &quot;https:\\\/\\\/www.zq.uni-mainz.de\\\/&quot;,\n        &quot;linkTarget&quot;: &quot;&quot;,\n        &quot;rel&quot;: &quot;&quot;,\n        &quot;id&quot;: &quot;https:\\\/\\\/www.zq.uni-mainz.de\\\/&quot;,\n        &quot;title&quot;: &quot;https:\\\/\\\/www.zq.uni-mainz.de\\\/&quot;,\n        &quot;type&quot;: &quot;link&quot;,\n        &quot;opensInNewTab&quot;: true\n    },\n    &quot;align&quot;: &quot;left&quot;,\n    &quot;styling&quot;: &quot;primary&quot;,\n    &quot;icon&quot;: &quot;arrow-right-solid&quot;,\n    &quot;type&quot;: &quot;default&quot;,\n    &quot;iconBefore&quot;: false,\n    &quot;isSmall&quot;: false,\n    &quot;fullWidth&quot;: false,\n    &quot;className&quot;: &quot;&quot;\n}\"><\/jgu-base-buttonitem>\n\n<\/jgu-base-button>\n\n<\/jgu-base-accordionitem>\n\n<\/jgu-base-accordion>\n<\/div><\/div>\n<\/jgu-base-section>    <div style=\"display: none\">\n        \n    <\/div>","protected":false},"excerpt":{"rendered":"","protected":false},"author":750,"featured_media":0,"parent":16413,"menu_order":0,"comment_status":"closed","ping_status":"closed","template":"","meta":{"footnotes":""},"categories":[],"tags":[426,448,447],"class_list":["post-16708","page","type-page","status-publish","hentry","tag-program-of-study","tag-research","tag-teaching"],"content_raw":"<!-- wp:jgu\/pageheader {\"items\":[{\"box\":{\"index\":\"Learning and Teaching\",\"title\":\"Projects in Learning and Teaching \",\"link\":{\"url\":\"\",\"title\":\"learn more\"}},\"color\":\"default\",\"image\":{\"url\":\"\"},\"imgCredit\":\"\",\"useVideo\":false,\"video\":false}],\"type\":\"border\",\"useBreadcrumb\":true} \/--><!-- wp:jgu\/anchornavigation \/--><!-- wp:jgu\/section {\"color\":\"white\"} -->\n<div class=\"jgu-bgsection bg bg-white\"><div class=\"content padding-medium\"><!-- wp:jgu\/anchorpoint {\"title\":\"Digital Project-based Learning\",\"slug\":\"digital-project-based-learning\"} \/-->\n\n<!-- wp:jgu\/heading {\"index\":\"Projects in learning and teaching\",\"tags\":{\"htmlTag\":\"h2\",\"classTag\":\"\",\"tag\":\"h2\"},\"heading\":\"Digital Project-based Learning\"} \/-->\n\n<!-- wp:jgu\/tabs -->\n<!-- wp:jgu\/tabs-item {\"title\":\"Teaching projects with web presence\",\"slug\":\"teaching-projects-with-web-presence\"} -->\n<!-- wp:jgu\/slider {\"slidesCount\":5,\"responsiveSettings\":{\"mobile\":{\"perPage\":1,\"arrows\":true,\"pagination\":false,\"width\":\"100%\"},\"tablet\":{\"perPage\":2,\"arrows\":true,\"pagination\":false,\"width\":\"100%\"},\"desktop\":{\"perPage\":3,\"arrows\":true,\"pagination\":false,\"width\":\"100%\"},\"desktop-xl\":{\"perPage\":3,\"arrows\":true,\"pagination\":false,\"width\":\"100%\"}},\"perPage\":3} -->\n\n<!-- wp:jgu\/teaserbox {\"headline\":{\"htmlTag\":\"h2\",\"classTag\":\"\",\"tag\":\"h2\"},\"image\":{\"id\":9674,\"url\":null},\"color\":\"orange\",\"index\":\"Teaching Project\",\"title\":\"The Runway 18 West Dispute\",\"excerpt\":\"The dispute surrounding Runway 18 West is perhaps the most violent conflict that the Federal Republic of Germany has experienced. It shaped the debate about legitimate forms of protest and led to new strategies for conflict resolution. This project has traced the history of the Runway 18 West conflict in collaboration with actors in the region.\",\"linkTitle\":\"learn more\",\"link\":{\"url\":\"https:\/\/startbahn.geschichte.uni-mainz.de\/\",\"id\":\"https:\/\/startbahn.geschichte.uni-mainz.de\/\",\"title\":\"https:\/\/startbahn.geschichte.uni-mainz.de\/\",\"type\":\"link\",\"opensInNewTab\":true},\"template\":\"red_h4\"} \/-->\n\n\n\n<!-- wp:jgu\/teaserbox {\"headline\":{\"htmlTag\":\"h2\",\"classTag\":\"\",\"tag\":\"h2\"},\"image\":{\"id\":9677,\"url\":null},\"color\":\"orange\",\"index\":\"Teaching Project\",\"title\":\"Mainz im \\u003cbr\\u003eDrei\u00dfigj\u00e4hrigen Krieg\",\"excerpt\":\"Ein Editionsprojekt von Studierenden des Historischen Seminars. Denn obgleich Teile der Mainzer Stadtgeschichte gut erforscht sind, gilt dies nicht f\u00fcr die Zeit des Drei\u00dfigj\u00e4hrigen Kriegs. Bisher liegt keine ausf\u00fchrliche Literatur vor, geschweige denn edierte Quellen. Das Projekt an macht nicht ver\u00f6ffentlichte Quellen ausfindig und arbeitet sie auf.\",\"linkTitle\":\"learn more\",\"link\":{\"url\":\"http:\/\/www.mainz-30jaehriger-krieg.de\/\",\"id\":\"http:\/\/www.mainz-30jaehriger-krieg.de\/\",\"title\":\"http:\/\/www.mainz-30jaehriger-krieg.de\/\",\"type\":\"link\",\"opensInNewTab\":true}} \/-->\n\n\n\n<!-- wp:jgu\/teaserbox {\"headline\":{\"htmlTag\":\"h2\",\"classTag\":\"\",\"tag\":\"h2\"},\"image\":{\"id\":9680,\"url\":null},\"color\":\"orange\",\"index\":\"Teaching Project\",\"title\":\"Napoleonische \\u003cbr\\u003eKriege\",\"excerpt\":\"Aspekte der Geschichte der kriegerischen Auseinandersetzungen sowie ihrer Erinnerung werden vorgestellt. Das Projekt entstand aus der Tagung \u201eDie Napoleonischen Kriege als europ\u00e4ischer Erinnerungsort\u201c des Historischen Seminars in Zusammenarbeit mit der Stiftung Kulturwerk Schlesien, der Deutsch-Franz\u00f6sischen Kulturstiftung und dem Schlesischen Museum zu G\u00f6rlitz veranstaltete. \",\"linkTitle\":\"learn more\",\"link\":{\"url\":\"https:\/\/www.napoleonischekriege.uni-mainz.de\/\",\"id\":\"https:\/\/www.napoleonischekriege.uni-mainz.de\/\",\"title\":\"https:\/\/www.napoleonischekriege.uni-mainz.de\/\",\"type\":\"link\",\"opensInNewTab\":true}} \/-->\n\n\n\n<!-- wp:jgu\/teaserbox {\"headline\":{\"htmlTag\":\"h2\",\"classTag\":\"\",\"tag\":\"h2\"},\"image\":{\"id\":9683,\"url\":null},\"color\":\"orange\",\"index\":\"Teaching Project\",\"title\":\"Geschichte vor Ort \u2013 Landesgeschichte erforschen\",\"excerpt\":\"The certificate \u201cGeschichte vor Ort \u2013 Landesgeschichte erforschen\u201d offers you the opportunity to research and present history in non-university research institutions. Regional history projects from all eras \u2013 antiquity to the present \u2013 are offered. \",\"linkTitle\":\"learn more\",\"link\":{\"url\":\"https:\/\/www.geschichte-vor-ort.uni-mainz.de\/\",\"id\":\"https:\/\/www.geschichte-vor-ort.uni-mainz.de\/\",\"title\":\"https:\/\/www.geschichte-vor-ort.uni-mainz.de\/\",\"type\":\"link\",\"opensInNewTab\":true}} \/-->\n\n\n\n<!-- wp:jgu\/teaserbox {\"headline\":{\"htmlTag\":\"h2\",\"classTag\":\"\",\"tag\":\"h2\"},\"image\":{\"id\":9686,\"url\":null},\"color\":\"orange\",\"index\":\"Teaching Project\",\"title\":\"Eine \u201einnert\u00fcrkische Verwaltungsangelegenheit\u201c\\u003cbr\\u003eOsmanisch-deutsche Verflechtungen und die Armeniergr\u00e4uel im Ersten Weltkrieg\",\"linkTitle\":\"learn more\",\"link\":{\"url\":\"https:\/\/www.blogs.uni-mainz.de\/fb07-armeniergreuel\/\",\"id\":\"https:\/\/www.blogs.uni-mainz.de\/fb07-armeniergreuel\/\",\"title\":\"https:\/\/www.blogs.uni-mainz.de\/fb07-armeniergreuel\/\",\"type\":\"link\",\"opensInNewTab\":true}} \/-->\n\n<!-- \/wp:jgu\/slider -->\n<!-- \/wp:jgu\/tabs-item -->\n\n<!-- wp:jgu\/tabs-item {\"title\":\"Digitally enhanced project-based learning (ModeLL-M)\",\"slug\":\"digitally-enhanced-project-based-learning-modell-m\"} -->\n<!-- wp:jgu\/heading {\"index\":\"Digitally enhanced project-based learning\",\"tags\":{\"htmlTag\":\"h2\",\"classTag\":\"h3\",\"tag\":\"h2.h3\"},\"heading\":\"ModeLL-M\"} \/-->\n\n<!-- wp:columns -->\n<div class=\"wp-block-columns\"><!-- wp:column {\"width\":\"66.66%\"} -->\n<div class=\"wp-block-column\" style=\"flex-basis:66.66%\"><!-- wp:paragraph {\"translatedWithWPMLTM\":\"1\"} -->\n<p>ModeLL-M is one of 139 projects funded across Germany by the foundation \u201e<a href=\"https:\/\/stiftung-hochschullehre.de\/\" target=\"_blank\" rel=\"noreferrer noopener\">Innovation in der Hochschullehre<\/a>\u201c as part of the call for proposals \u201e<a href=\"https:\/\/stiftung-hochschullehre.de\/ausschreibungen\/foerderbekanntmachung-2020\/\" target=\"_blank\" rel=\"noreferrer noopener\">Hochschullehre durch Digitalisierung st\u00e4rken<\/a>\u201c (2020). During the project period (August 2021 \u2013 July 2024), models are to be developed that demonstrate how key factors for <strong>student-centered teaching and learning<\/strong> can be strengthened by combining digital elements and face-to-face formats, including:<\/p>\n<!-- \/wp:paragraph -->\n\n<!-- wp:list {\"className\":\"wp-block-list\"} -->\n<ul class=\"wp-block-list\"><!-- wp:list-item {\"translatedWithWPMLTM\":\"1\"} -->\n<li>Successful <strong>activation<\/strong> in different learning environments, especially in time- and location-independent learning.<\/li>\n<!-- \/wp:list-item -->\n\n<!-- wp:list-item {\"translatedWithWPMLTM\":\"1\"} -->\n<li>Scenarios, formats, and learning environments that enable students to practice <strong>self-management<\/strong> and experience self-efficacy.<\/li>\n<!-- \/wp:list-item -->\n\n<!-- wp:list-item {\"translatedWithWPMLTM\":\"1\"} -->\n<li>Designing teaching-learning scenarios that encourage students to <strong>collaborate <\/strong>and actively support constructive interaction with fellow students, including through the use of digital tools.<\/li>\n<!-- \/wp:list-item --><\/ul>\n<!-- \/wp:list -->\n\n<!-- wp:paragraph {\"translatedWithWPMLTM\":\"1\"} -->\n<p>In this context, the Department of History is dedicated to the model area of <strong>digitally extended project-based learning<\/strong>. The term \u201cproject-based learning\u201d refers to a form of teaching which is based on scientific results and focused on action and in which students work on academic problems and questions both independently and in groups. Members of the teaching staff accompany the project and instruct the students. The teaching method represents a paradigm shift <em>from teaching to learning<\/em>. It is a response to the requirements of the Bologna reform for more practical relevance in programs of study and aims to improve the <em>employability <\/em>of students.    <\/p>\n<!-- \/wp:paragraph -->\n\n<!-- wp:paragraph {\"translatedWithWPMLTM\":\"1\"} -->\n<p>The Community of Practice \u201cDigitally enhanced project-based learning\u201d in the subject of History is supported by a group of experienced members of the teaching staff who have already tried out new approaches in the field of project teaching with great commitment and have now made professionalization in this university didactics segment their concern. The Community will be expanded to include students. The sub-projects are linked in a structured way from the planning to the evaluation phase, with the CoP paying particular attention to the constant exchange of experience and joint problem-solving, the integration of external expertise, and the management of project-based learning. The aim is to further professionalize the CoP as part of a <em>Scholarship of Teaching and Learning <\/em>in project-based learning as well as the curricular integration of project-based learning.   <\/p>\n<!-- \/wp:paragraph --><\/div>\n<!-- \/wp:column -->\n\n<!-- wp:column {\"width\":\"33.33%\"} -->\n<div class=\"wp-block-column\" style=\"flex-basis:33.33%\"><!-- wp:jgu\/logo-grid -->\n<!-- wp:jgu\/logo-grid-item {\"image\":{\"url\":null,\"id\":9695}} \/-->\n\n<!-- wp:jgu\/logo-grid-item {\"image\":{\"url\":null,\"id\":9698}} \/-->\n<!-- \/wp:jgu\/logo-grid -->\n\n<!-- wp:jgu\/notification-banner {\"icon\":\"bullhorn-solid\"} -->\n<!-- wp:paragraph {\"translatedWithWPMLTM\":\"1\"} -->\n<p>Digitally enhanced project-based learning is a form of teaching that leads to the development of unconventional results, such as digital forms of presenting and engaging with history. The aim is the specialization of subject-specific problem-solving skills.<\/p>\n<!-- \/wp:paragraph -->\n<!-- \/wp:jgu\/notification-banner -->\n\n<!-- wp:jgu\/button -->\n<!-- wp:jgu\/button-item {\"text\":\"ModeLL-M at JGU\",\"link\":{\"url\":\"https:\/\/modell-m.uni-mainz.de\/communities-of-practice\/digital-erweiterte-projektlehre\/\",\"linkTarget\":\"\",\"rel\":\"\",\"id\":\"https:\/\/modell-m.uni-mainz.de\/communities-of-practice\/digital-erweiterte-projektlehre\/\",\"title\":\"https:\/\/modell-m.uni-mainz.de\/communities-of-practice\/digital-erweiterte-projektlehre\/\",\"type\":\"link\",\"opensInNewTab\":true}} \/-->\n<!-- \/wp:jgu\/button --><\/div>\n<!-- \/wp:column --><\/div>\n<!-- \/wp:columns -->\n\n<!-- wp:jgu\/heading {\"tags\":{\"htmlTag\":\"h2\",\"classTag\":\"h3\",\"tag\":\"h2.h3\"},\"heading\":\"Lehrprojektberichte \\u003cbr\\u003eaus ModeLL-M\"} \/-->\n\n<!-- wp:jgu\/notification-banner {\"icon\":\"\"} -->\n<!-- wp:paragraph -->\n<p><code><a href=\"https:\/\/cliozweipunktnull.uni-mainz.de\/2023\/11\/09\/klimageschichten-im-klimawandel-vortragsreihe-mit-kurzclips\/\" target=\"_blank\" rel=\"noreferrer noopener\">#Klimageschichten im #Klimawandel: Vortragsreihe mit Kurzclips<\/a><\/code><\/p>\n<!-- \/wp:paragraph -->\n\n<!-- wp:paragraph -->\n<p><code><a href=\"https:\/\/cliozweipunktnull.uni-mainz.de\/2023\/11\/03\/das-zarenreich-ins-bild-setzen-launch-einer-virtuellen-ausstellung-mit-farbfotografien-aus-dem-spaeten-zarenreich\/\" target=\"_blank\" rel=\"noreferrer noopener\">Das Zarenreich ins Bild setzen. Launch einer virtuellen Ausstellung mit Farbfotografien aus dem sp\u00e4ten Zarenreich<\/a><\/code><\/p>\n<!-- \/wp:paragraph -->\n\n<!-- wp:paragraph -->\n<p><code><a href=\"https:\/\/cliozweipunktnull.uni-mainz.de\/2023\/10\/27\/projektlehre-wie-historikerinnen-arbeiten-einblicke-in-die-projektlehre-im-digikar-projektseminar\/\" target=\"_blank\" rel=\"noreferrer noopener\">Projektlehre: Wie Historiker:innen arbeiten. Einblicke in die Projektlehre im DigiKAR-Projektseminar<\/a><\/code><\/p>\n<!-- \/wp:paragraph -->\n\n<!-- wp:paragraph -->\n<p><code><a href=\"https:\/\/cliozweipunktnull.uni-mainz.de\/2022\/12\/14\/mobilitaet-in-kurmainz-digitale-karten-des-fruehneuzeitlichen-mainz\/\" target=\"_blank\" rel=\"noreferrer noopener\">Projektlehre: Mobilit\u00e4t in Kurmainz: Digitale Karten des fr\u00fchneuzeitlichen Mainz<\/a><\/code><\/p>\n<!-- \/wp:paragraph -->\n\n<!-- wp:paragraph -->\n<p><code><a href=\"https:\/\/cliozweipunktnull.uni-mainz.de\/2022\/12\/08\/transnationales-mainz-der-1960er-70er-jahre-projektseminar-und-virtuelle-ausstellung\/\" target=\"_blank\" rel=\"noreferrer noopener\">Projektlehre: \"Transnationales Mainz der 1960er\/70er Jahre\": Projektseminar und virtuelle Ausstellung<\/a><\/code><\/p>\n<!-- \/wp:paragraph -->\n\n<!-- wp:paragraph -->\n<p><code><a href=\"https:\/\/cliozweipunktnull.uni-mainz.de\/2022\/10\/06\/clio-auf-die-ohren-migrationsgeschichten-studierende-podcasten-geschichte\/\" target=\"_blank\" rel=\"noreferrer noopener\">Clio auf die Ohren: Migrationsgeschichten. Studierende podcasten Geschichte<\/a><\/code><\/p>\n<!-- \/wp:paragraph -->\n<!-- \/wp:jgu\/notification-banner -->\n\n<!-- wp:columns -->\n<div class=\"wp-block-columns\"><!-- wp:column {\"width\":\"66.66%\"} -->\n<div class=\"wp-block-column\" style=\"flex-basis:66.66%\"><!-- wp:jgu\/heading {\"color\":\"default\",\"tags\":{\"htmlTag\":\"h2\",\"classTag\":\"h3\",\"tag\":\"h2.h3\"},\"heading\":\"Projects: Experiences and Perspectives\"} \/-->\n\n<!-- wp:paragraph {\"translatedWithWPMLTM\":\"1\"} -->\n<p><strong>Previous experience:<\/strong> In the past, the Department of History has carried out various teaching projects, often analog, aimed at products such as an exhibition or guided tours. Projects are product-oriented, risky, and open-ended. <\/p>\n<!-- \/wp:paragraph -->\n\n<!-- wp:paragraph {\"translatedWithWPMLTM\":\"1\"} -->\n<p><strong>Digital expansion<\/strong>: As a result of the pandemic, such projects had to be realized digitally \u2013 reinforcing an existing trend. Researching and teaching history are increasingly taking place in a digitally enhanced or purely digital format. Students also work in digital networks, and external experts are brought in to answer complex questions.   <\/p>\n<!-- \/wp:paragraph -->\n\n<!-- wp:paragraph {\"translatedWithWPMLTM\":\"1\"} -->\n<p><strong>Sustainability:<\/strong> We want to transfer these experiences to post-pandemic teaching, develop them productively, and sustainably anchor them in the teaching curriculum. <\/p>\n<!-- \/wp:paragraph -->\n\n<!-- wp:jgu\/heading {\"color\":\"default\",\"tags\":{\"htmlTag\":\"h2\",\"classTag\":\"h3\",\"tag\":\"h2.h3\"},\"heading\":\"Products: Experiences and Perspectives\"} \/-->\n\n<!-- wp:paragraph {\"translatedWithWPMLTM\":\"1\"} -->\n<p><strong>Previous experience: <\/strong>We had already gained initial experience with digital products before the pandemic \u2013 for example, by complementing exhibitions with QR codes that led to further web-based information. During the pandemic, ideas such as the production of podcasts and web clips were added, which were successfully realized, for example in the form of a podcast series on pandemics and epidemics in world history. <\/p>\n<!-- \/wp:paragraph -->\n\n<!-- wp:paragraph {\"translatedWithWPMLTM\":\"1\"} -->\n<p><strong>Digital expansion: <\/strong>We now want to expand this range of digital products \u2013 and operationalize it as a \u201ctoolbox\u201d to be used widely. In a first step, we are focusing on: <\/p>\n<!-- \/wp:paragraph -->\n\n<!-- wp:list {\"className\":\"wp-block-list\"} -->\n<ul class=\"wp-block-list\"><!-- wp:list-item {\"translatedWithWPMLTM\":\"1\"} -->\n<li>student-produced podcasts: expert interviews, biographical research that can be incorporated into a virtual exhibition, or scripted thought processes discussing complex subject-specific issues;<\/li>\n<!-- \/wp:list-item -->\n\n<!-- wp:list-item {\"translatedWithWPMLTM\":\"1\"} -->\n<li>digital maps for the visualization of epoch-specific spatial perceptions and mobility patterns;<\/li>\n<!-- \/wp:list-item -->\n\n<!-- wp:list-item {\"translatedWithWPMLTM\":\"1\"} -->\n<li>virtual exhibitions with a critical focus on the digitized source materials.<\/li>\n<!-- \/wp:list-item --><\/ul>\n<!-- \/wp:list --><\/div>\n<!-- \/wp:column -->\n\n<!-- wp:column {\"width\":\"33.33%\"} -->\n<div class=\"wp-block-column\" style=\"flex-basis:33.33%\"><!-- wp:spacer -->\n<div style=\"height:90px\" aria-hidden=\"true\" class=\"wp-block-spacer\"><\/div>\n<!-- \/wp:spacer -->\n\n<!-- wp:jgu\/notification-banner {\"icon\":\"bullhorn-solid\"} -->\n<!-- wp:paragraph {\"translatedWithWPMLTM\":\"1\"} -->\n<p>Digitality as a <em>booster<\/em>: While project-based learning with digital components is incredibly motivating for students, it also has a lot of subject-specific activation potential. In this way, digitally enhanced project-based learning opens up new depths of subject-specific thinking and promotes the desire to study history as well as students' general employability.  <\/p>\n<!-- \/wp:paragraph -->\n<!-- \/wp:jgu\/notification-banner -->\n\n<!-- wp:spacer -->\n<div style=\"height:90px\" aria-hidden=\"true\" class=\"wp-block-spacer\"><\/div>\n<!-- \/wp:spacer -->\n\n<!-- wp:jgu\/teaserbox {\"headline\":{\"htmlTag\":\"h2\",\"classTag\":\"\",\"tag\":\"h2\"},\"color\":\"orange\",\"title\":\"Projektf\u00f6rmige \\u003cbr\\u003eLehrveranstaltungen im Rahmen von ModeLL-M\",\"linkTitle\":\"learn more\",\"link\":{\"url\":\"https:\/\/cms.zdv.uni-mainz.de\/fb07-geschichte\/startseite\/studium-und-lehre\/projekte-in-studium-und-lehre\/projektfoermige-lehrveranstaltungen-im-rahmen-von-modell-m\/\",\"id\":10166,\"title\":\"Projektf\u00f6rmige Lehrveranstaltungen im Rahmen von ModeLL-M\",\"type\":\"page\",\"kind\":\"post-type\",\"opensInNewTab\":true}} \/--><\/div>\n<!-- \/wp:column --><\/div>\n<!-- \/wp:columns -->\n\n<!-- wp:jgu\/heading {\"tags\":{\"htmlTag\":\"h2\",\"classTag\":\"h3\",\"tag\":\"h2.h3\"},\"heading\":\"Management\"} \/-->\n\n<!-- wp:columns -->\n<div class=\"wp-block-columns\"><!-- wp:column -->\n<div class=\"wp-block-column\"><!-- wp:jgu\/idm-person {\"id\":\"1370\",\"organizationId\":759,\"roleId\":13} \/--><\/div>\n<!-- \/wp:column -->\n\n<!-- wp:column -->\n<div class=\"wp-block-column\"><!-- wp:jgu\/idm-person {\"id\":\"331\",\"organizationId\":761,\"roleId\":13} \/--><\/div>\n<!-- \/wp:column --><\/div>\n<!-- \/wp:columns -->\n\n<!-- wp:jgu\/heading {\"tags\":{\"htmlTag\":\"h2\",\"classTag\":\"h3\",\"tag\":\"h2.h3\"},\"heading\":\"Academic staff members\"} \/-->\n\n<!-- wp:columns -->\n<div class=\"wp-block-columns\"><!-- wp:column -->\n<div class=\"wp-block-column\"><!-- wp:jgu\/idm-person {\"id\":\"1546\",\"organizationId\":754,\"roleId\":16} \/--><\/div>\n<!-- \/wp:column -->\n\n<!-- wp:column -->\n<div class=\"wp-block-column\"><!-- wp:jgu\/idm-person {\"id\":\"1445\",\"organizationId\":752,\"roleId\":16} \/--><\/div>\n<!-- \/wp:column --><\/div>\n<!-- \/wp:columns -->\n\n<!-- wp:columns {\"isStackedOnMobile\":false} -->\n<div class=\"wp-block-columns is-not-stacked-on-mobile\"><!-- wp:column -->\n<div class=\"wp-block-column\"><!-- wp:jgu\/idm-person {\"id\":\"1714\",\"organizationId\":752,\"roleId\":16} \/--><\/div>\n<!-- \/wp:column -->\n\n<!-- wp:column -->\n<div class=\"wp-block-column\"><\/div>\n<!-- \/wp:column --><\/div>\n<!-- \/wp:columns -->\n<!-- \/wp:jgu\/tabs-item -->\n<!-- \/wp:jgu\/tabs -->\n\n<!-- wp:jgu\/button -->\n<!-- wp:jgu\/button-item {\"text\":\"Clio 2.0 \u2013 Department of History multimedia (blog)\",\"link\":{\"url\":\"https:\/\/cliozweipunktnull.uni-mainz.de\/\",\"linkTarget\":\"\",\"rel\":\"\",\"id\":\"https:\/\/cliozweipunktnull.uni-mainz.de\/\",\"title\":\"https:\/\/cliozweipunktnull.uni-mainz.de\/\",\"type\":\"link\",\"opensInNewTab\":true}} \/-->\n<!-- \/wp:jgu\/button --><\/div><\/div>\n<!-- \/wp:jgu\/section --><!-- wp:jgu\/section {\"color\":\"light\"} -->\n<div class=\"jgu-bgsection bg bg-light\"><div class=\"content padding-medium\"><!-- wp:jgu\/anchorpoint {\"title\":\"Projects in Learning and Teaching\",\"slug\":\"projects-in-learning-and-teaching\"} \/-->\n\n<!-- wp:jgu\/heading {\"index\":\"Projects in learning and teaching\",\"tags\":{\"htmlTag\":\"h2\",\"classTag\":\"\",\"tag\":\"h2\"},\"heading\":\"Didactic developments\"} \/-->\n\n<!-- wp:media-text {\"mediaPosition\":\"right\",\"mediaId\":12571,\"mediaLink\":\"https:\/\/cms.zdv.uni-mainz.de\/fb07-geschichte\/20230515_105923\/\",\"mediaType\":\"image\",\"mediaWidth\":33,\"translatedWithWPMLTM\":\"1\"} -->\n<div class=\"wp-block-media-text has-media-on-the-right is-stacked-on-mobile\" style=\"grid-template-columns:auto 33%\"><div class=\"wp-block-media-text__content\"><!-- wp:paragraph {\"translatedWithWPMLTM\":\"1\"} -->\n<p>The further development of degree programs and the design of courses and forms of examination (constructive alignment) have always been an important concern for historians; the fact that the famous methodologist Ernst Bernheim (author of the history textbook \"Lehrbuch der historischen Methode und der Geschichtsphilosophie\") was also one of the first university didactics experts is just one example of the long tradition didactic reflection has in the subject of history.<\/p>\n<!-- \/wp:paragraph -->\n\n<!-- wp:paragraph {\"translatedWithWPMLTM\":\"1\"} -->\n<p>With this in mind, the Department of History in Mainz is also continuously working on the further development of learning and teaching. <\/p>\n<!-- \/wp:paragraph -->\n\n<!-- wp:paragraph {\"translatedWithWPMLTM\":\"1\"} -->\n<p>This page tells you about the didactic issues we are working on; if you are interested in similar topics, please feel free to contact us!<\/p>\n<!-- \/wp:paragraph --><\/div><figure class=\"wp-block-media-text__media\"><img src=\"https:\/\/cms.zdv.uni-mainz.de\/fb07-geschichte\/wp-content\/uploads\/sites\/330\/2024\/11\/20230515_105923-1024x768.jpg\" alt=\"\" class=\"wp-image-12571 size-full\" \/><\/figure><\/div>\n<!-- \/wp:media-text --><\/div><\/div>\n<!-- \/wp:jgu\/section --><!-- wp:jgu\/section {\"color\":\"light\"} -->\n<div class=\"jgu-bgsection bg bg-light\"><div class=\"content padding-medium\"><!-- wp:jgu\/heading {\"index\":\"Projects in learning and teaching\",\"tags\":{\"htmlTag\":\"h2\",\"classTag\":\"\",\"tag\":\"h2\"},\"heading\":\"Abgeschlossene Projekte \"} \/-->\n\n<!-- wp:jgu\/accordion {\"selected\":9} -->\n<!-- wp:jgu\/accordion-item {\"title\":\"Empirical Research on \u201cBottlenecks\u201d in the Entry Phase\",\"init\":false,\"slug\":\"empirische-forschungen-zu-bottlenecks-in-der-studieneingangsphase\"} -->\n<!-- wp:media-text {\"mediaPosition\":\"right\",\"mediaId\":13446,\"mediaLink\":\"https:\/\/cms.zdv.uni-mainz.de\/fb07-geschichte\/studium-und-lehre\/projekte-in-studium-und-lehre\/logo-glk\/\",\"mediaType\":\"image\",\"mediaWidth\":20,\"translatedWithWPMLTM\":\"1\"} -->\n<div class=\"wp-block-media-text has-media-on-the-right is-stacked-on-mobile\" style=\"grid-template-columns:auto 20%\"><div class=\"wp-block-media-text__content\"><!-- wp:paragraph {\"translatedWithWPMLTM\":\"1\"} -->\n<p>The entry phase plays a central role in university didactics discussions. The Department of History intends to empirically survey the structural obstacles to learning students face in the entry phase of their study of history and develop considerations for a preliminary and\/or accompanying offer for students in this phase. Since programs of study are always situated in specific faculties, factors that hinder or inhibit learning can only be surveyed on a subject-specific basis; however, the Department of History will carry out their empirical survey using methods that can easily be adopted by other faculties, at least by other humanities and social sciences subjects. The procedure includes the descriptive-statistical evaluation of term papers in introductory seminars according to agreed-upon evaluation criteria. This database is to be supplemented by an evaluation of CampusNet reports. Following a \u201cdecoding the bottlenecks\u201d approach, guided interviews with teaching staff in the initial phase of the program of study and analyses of student narratives will also be conducted. In a third step, suitable measures and structures will be developed to support students in remedying these deficits.<\/p>\n<!-- \/wp:paragraph -->\n\n<!-- wp:paragraph {\"translatedWithWPMLTM\":\"1\"} -->\n<p>This project is financially supported by the Gutenberg-Lehrkolleg.<\/p>\n<!-- \/wp:paragraph --><\/div><figure class=\"wp-block-media-text__media\"><img src=\"https:\/\/cms.zdv.uni-mainz.de\/fb07-geschichte\/wp-content\/uploads\/sites\/330\/2025\/02\/Logo-GLK.jpg\" alt=\"\" class=\"wp-image-13446 size-full\" \/><\/figure><\/div>\n<!-- \/wp:media-text -->\n<!-- \/wp:jgu\/accordion-item -->\n\n<!-- wp:jgu\/accordion-item {\"title\":\"From Singer to Amazon: Case-study-based Learning for Historians\",\"init\":false,\"slug\":\"von-singer-bis-amazon-case-study-based-learning-for-historians\"} -->\n<!-- wp:paragraph {\"translatedWithWPMLTM\":\"1\"} -->\n<p>Case studies are a widespread and, above all, fundamental teaching format in the subject of Economics at universities globally, but especially at international business schools. Case studies have been used in teaching and learning at US law schools since the 1870s. The renowned Harvard Business School adopted the approach as its central teaching format in the 1920s \u2013 and in a way that is highly remarkable for German historical studies: In Germany, case studies are often understood to be designed to formulate solutions and approaches to concrete and, above all, present or even future problems \u2013 but case studies at Harvard Business School are based on history! Using historical case studies to teach is not a widespread practice in the study of history in Germany \u2013 yet. This project aims to change that. As part of the project, historical case studies on globalization, entrepreneurship, consumer orientation, and much more will be tested for use in teaching.        <\/p>\n<!-- \/wp:paragraph -->\n\n<!-- wp:paragraph {\"translatedWithWPMLTM\":\"1\"} -->\n<p>Contact:<\/p>\n<!-- \/wp:paragraph -->\n\n<!-- wp:paragraph -->\n<p>Jun.-Prof. Dr. Eva-Maria Roelevink (<a href=\"mailto:eroelevi@uni-mainz.de\" target=\"_blank\" rel=\"noreferrer noopener\">eroelevi@uni-mainz.de<\/a>)<\/p>\n<!-- \/wp:paragraph -->\n<!-- \/wp:jgu\/accordion-item -->\n\n<!-- wp:jgu\/accordion-item {\"title\":\"Teaching Writing in Historical Studies\",\"init\":false,\"slug\":\"geschichtswissenschaftliches-schreiben-lehren\"} -->\n<!-- wp:jgu\/heading {\"index\":\"Workshop\",\"tags\":{\"htmlTag\":\"h2\",\"classTag\":\"h4\",\"tag\":\"h2.h4\"},\"heading\":\"Das \u201eProdukt\u201c im Blick: \\u003cbr\\u003eStudierende zur \\u003cbr\\u003eSeminararbeit begleiten (2019)\"} \/-->\n\n<!-- wp:media-text {\"mediaPosition\":\"right\",\"mediaId\":13449,\"mediaLink\":\"https:\/\/cms.zdv.uni-mainz.de\/fb07-geschichte\/studium-und-lehre\/projekte-in-studium-und-lehre\/workshop2019\/\",\"mediaType\":\"image\",\"translatedWithWPMLTM\":\"1\"} -->\n<div class=\"wp-block-media-text has-media-on-the-right is-stacked-on-mobile\"><div class=\"wp-block-media-text__content\"><!-- wp:paragraph {\"translatedWithWPMLTM\":\"1\"} -->\n<p>The term paper continues to be the core objective of undergraduate degree programs in history. All the methodological and didactic developments in historical studies in recent years have not fundamentally changed this. Writing this work is still considered an integral part of the program of study (\u201edas A und O des Studiums\u201c (Birgit Emich)). Term papers are considered the pinnacle for students of history (\u201eK\u00f6nigsdisziplin (\u2026), die eine entsprechende Heranf\u00fchrung der Studierenden an dieses komplexe Format notwendig machen\u201c (Rainer P\u00f6ppinghege)).<\/p>\n<!-- \/wp:paragraph -->\n\n<!-- wp:paragraph {\"translatedWithWPMLTM\":\"1\"} -->\n<p>This workshop, which continues the joint reflections of the didactic writing workshop in Bielefeld in March 2018, aims to shed light on the skills needed to successfully write a term paper from different perspectives. It offers historians and those who teach writing the opportunity to exchange ideas about specific methods for teaching historical writing and\/or didactic writing elements in history courses. Tasks and teaching methods, curricular decisions, writing didactic interventions and measures can be presented, tested and reflected upon in a collegial setting. Mainz students will be actively involved in the discussions; participants are also welcome to bring along interested students.<\/p>\n<!-- \/wp:paragraph --><\/div><figure class=\"wp-block-media-text__media\"><img src=\"https:\/\/cms.zdv.uni-mainz.de\/fb07-geschichte\/wp-content\/uploads\/sites\/330\/2025\/02\/workshop2019-1024x683.jpg\" alt=\"\" class=\"wp-image-13449 size-full\" \/><\/figure><\/div>\n<!-- \/wp:media-text -->\n\n<!-- wp:columns -->\n<div class=\"wp-block-columns\"><!-- wp:column -->\n<div class=\"wp-block-column\"><!-- wp:paragraph {\"translatedWithWPMLTM\":\"1\"} -->\n<p><strong>Date &amp; location<\/strong><\/p>\n<!-- \/wp:paragraph -->\n\n<!-- wp:paragraph {\"translatedWithWPMLTM\":\"1\"} -->\n<p>Thursday, May 23, 2019, and Friday, May 24, 2019, Johannes Gutenberg University Mainz, Jakob-Welder-Weg 18 &amp; 20, 55128 Mainz, Germany  <\/p>\n<!-- \/wp:paragraph -->\n\n<!-- wp:paragraph {\"translatedWithWPMLTM\":\"1\"} -->\n<p><strong>Organizers<\/strong><\/p>\n<!-- \/wp:paragraph -->\n\n<!-- wp:paragraph -->\n<p>Dr. Andreas Frings, Dr. Heidrun Ochs<\/p>\n<!-- \/wp:paragraph --><\/div>\n<!-- \/wp:column -->\n\n<!-- wp:column -->\n<div class=\"wp-block-column\"><!-- wp:paragraph {\"translatedWithWPMLTM\":\"1\"} -->\n<p><strong>Program<\/strong><\/p>\n<!-- \/wp:paragraph -->\n\n<!-- wp:paragraph -->\n<p><strong>Donnerstag, 23. Mai 2019<\/strong><\/p>\n<!-- \/wp:paragraph -->\n\n<!-- wp:paragraph {\"translatedWithWPMLTM\":\"1\"} -->\n<p><strong>Podiums-Diskussion, Fakult\u00e4tssaal, <\/strong><br\/><strong>Philosophicum I<\/strong><\/p>\n<!-- \/wp:paragraph -->\n\n<!-- wp:paragraph {\"translatedWithWPMLTM\":\"1\"} -->\n<p>Participants<\/p>\n<!-- \/wp:paragraph -->\n\n<!-- wp:list -->\n<ul><!-- wp:list-item -->\n<li>Eric Beres (SWR | Report Mainz)<\/li>\n<!-- \/wp:list-item -->\n\n<!-- wp:list-item {\"translatedWithWPMLTM\":\"1\"} -->\n<li>Bj\u00f6rn Gebert (ULB M\u00fcnster, subject librarian and co-editor of the science blog \u201cMittelalter\u201d)<\/li>\n<!-- \/wp:list-item -->\n\n<!-- wp:list-item {\"translatedWithWPMLTM\":\"1\"} -->\n<li>J\u00fcrgen Heimbach (Author)<\/li>\n<!-- \/wp:list-item -->\n\n<!-- wp:list-item {\"translatedWithWPMLTM\":\"1\"} -->\n<li>Heather King (JGU, student)<\/li>\n<!-- \/wp:list-item -->\n\n<!-- wp:list-item {\"translatedWithWPMLTM\":\"1\"} -->\n<li>Anna Kranzdorf (JGU, Personal Assistant to the President)<\/li>\n<!-- \/wp:list-item -->\n\n<!-- wp:list-item {\"translatedWithWPMLTM\":\"1\"} -->\n<li>Lara Luisa Storch de Gracia Asensio (JGU, student tutor)<\/li>\n<!-- \/wp:list-item --><\/ul>\n<!-- \/wp:list -->\n\n<!-- wp:paragraph -->\n<p>Moderation<\/p>\n<!-- \/wp:paragraph -->\n\n<!-- wp:list -->\n<ul><!-- wp:list-item {\"translatedWithWPMLTM\":\"1\"} -->\n<li>Dr. Jan Kusber (JGU | Department of History)<\/li>\n<!-- \/wp:list-item --><\/ul>\n<!-- \/wp:list -->\n\n<!-- wp:paragraph -->\n<p><strong>Freitag, 24. Mai 2019<\/strong><\/p>\n<!-- \/wp:paragraph -->\n\n<!-- wp:paragraph -->\n<p><strong>Workshop, Besprechungsraum im EG <\/strong><strong>des Philosophicum II<\/strong><\/p>\n<!-- \/wp:paragraph -->\n\n<!-- wp:paragraph {\"translatedWithWPMLTM\":\"1\"} -->\n<p>9.00 Uhr - Raoul Hippchen | Mainz<br\/>Seminararbeiten und andere Probleme. Empirische Forschungen zu Herausforderungen in der Studieneingangsphase <\/p>\n<!-- \/wp:paragraph -->\n\n<!-- wp:paragraph {\"translatedWithWPMLTM\":\"1\"} -->\n<p>9.45 Uhr - Maik Schmerbauch | Berlin<br\/>Probleme bei grundlegenden (geschichts-)wissenschaftlichen Arbeitsweisen<\/p>\n<!-- \/wp:paragraph -->\n\n<!-- wp:paragraph -->\n<p>10.30 Uhr - Pause<\/p>\n<!-- \/wp:paragraph -->\n\n<!-- wp:paragraph {\"translatedWithWPMLTM\":\"1\"} -->\n<p>11.00 Uhr - Friederike Neumann | Bielefeld<br\/>Alles oder nichts oder was? Zur Auswahlproblematik in der kompetenzorientierten Lehre <\/p>\n<!-- \/wp:paragraph -->\n\n<!-- wp:paragraph {\"translatedWithWPMLTM\":\"1\"} -->\n<p>11.45 Uhr - Hiram K\u00fcmper | Mannheim<br\/>Geschichte in Leichter Sprache<\/p>\n<!-- \/wp:paragraph -->\n\n<!-- wp:paragraph -->\n<p>12.30 Uhr - Mittagspause<\/p>\n<!-- \/wp:paragraph -->\n\n<!-- wp:paragraph {\"translatedWithWPMLTM\":\"1\"} -->\n<p>14.00 Uhr - Angela Siebold | Frankfurt<br\/>Schreibvermittlung im Grundstudium<\/p>\n<!-- \/wp:paragraph -->\n\n<!-- wp:paragraph {\"translatedWithWPMLTM\":\"1\"} -->\n<p>14.45 Uhr - Susanne Korbel | Graz<br\/>Am Weg zur Seminararbeit: Essays zum Finden der eigenen Historikerstimme<\/p>\n<!-- \/wp:paragraph -->\n\n<!-- wp:paragraph -->\n<p>15.30 Uhr - Kaffeepause<\/p>\n<!-- \/wp:paragraph -->\n\n<!-- wp:paragraph {\"translatedWithWPMLTM\":\"1\"} -->\n<p>16.00 Uhr - Marlen Fies, Ulrike Pospiech &amp; Claudia Spanier | Duisburg-Essen<br\/>Geschichtswissenschaftliche Seminararbeiten mit dem F\u00f6BesS-Raster feedbacken<\/p>\n<!-- \/wp:paragraph -->\n\n<!-- wp:paragraph -->\n<p>16.45 Uhr - Schlussdiskussion<\/p>\n<!-- \/wp:paragraph --><\/div>\n<!-- \/wp:column --><\/div>\n<!-- \/wp:columns -->\n<!-- \/wp:jgu\/accordion-item -->\n\n<!-- wp:jgu\/accordion-item {\"title\":\"Day of Teaching at Faculty 07 (2017)\",\"init\":false,\"slug\":\"tag-der-lehre-des-fachbereichs-07-2017\"} -->\n<!-- wp:columns -->\n<div class=\"wp-block-columns\"><!-- wp:column {\"width\":\"66.66%\"} -->\n<div class=\"wp-block-column\" style=\"flex-basis:66.66%\"><!-- wp:paragraph {\"translatedWithWPMLTM\":\"1\"} -->\n<p>There was quite a lot going on at the faculty's \u201cDay of Teaching\u201d on July 5, 2017: Initiated and conceived by Anne Brandstetter (Cultural Anthropology), Thorsten Hindrichs (Musicology) and Andreas Frings (History), seven courses and teaching projects from the faculty's historical and cultural studies subjects presented their professional approaches and impressions of teaching on and with migration history topics. Why the focus on migration in particular? Because the intent was also to point out the social relevance of the subjects \u2013 but even more about how topics that we consider to be relevant in the present are often omnipresent historically anyway and have thus always been part of our research and teaching \u2013 a topic that can also be used to demonstrate the value of historical and cultural studies differentiation. In any case, the Day of Teaching set such a high standard, also in discussions at the tables, that the Dean's Office is considering repeating it next year. A panel discussion with Hans-Christian Petersen (History), Heike Drotbohm (Cultural Anthropology), Gesa zur Nieden (Musicology), and Christine Walde (Classical Philology) rounded off the day with a reflection on teaching situations and teaching decisions from a subject-specific and didactic perspective.<\/p>\n<!-- \/wp:paragraph -->\n\n<!-- wp:paragraph {\"translatedWithWPMLTM\":\"1\"} -->\n<p>The photos shown here were taken by Andreas Linsenmann, to whom we are very grateful.<\/p>\n<!-- \/wp:paragraph --><\/div>\n<!-- \/wp:column -->\n\n<!-- wp:column {\"width\":\"33.33%\"} -->\n<div class=\"wp-block-column\" style=\"flex-basis:33.33%\"><!-- wp:jgu\/image-gallery {\"images\":[{\"url\":null,\"id\":12607},{\"url\":null,\"id\":12610},{\"url\":null,\"id\":12613},{\"url\":null,\"id\":12619},{\"url\":null,\"id\":12625},{\"url\":null,\"id\":12643},{\"url\":null,\"id\":12661},{\"url\":null,\"id\":12538},{\"url\":null,\"id\":12541},{\"url\":null,\"id\":12544},{\"url\":null,\"id\":12547},{\"url\":null,\"id\":12553}],\"withThumbs\":false,\"previewNext\":false} \/--><\/div>\n<!-- \/wp:column --><\/div>\n<!-- \/wp:columns -->\n<!-- \/wp:jgu\/accordion-item -->\n\n<!-- wp:jgu\/accordion-item {\"title\":\"Digital Methods as a Challenge for Teaching Historical Studies\",\"init\":false,\"slug\":\"digitale-medien-als-herausforderung-fur-die-geschichtswissenschaftliche-lehre\"} -->\n<!-- wp:paragraph {\"translatedWithWPMLTM\":\"1\"} -->\n<p>Digitization is currently one of the greatest challenges for university teaching. On the one hand, this challenge is particularly important for historical studies, as methods of knowledge development and source criticism are at the core of the subject of history and affect its very identity. New tools and technologies bring with them new theoretical and methodological problems and change the institutions of memory that are central to historians. On the other hand, students today come to university with completely different experiences and backgrounds. They use digital methods and resources as a matter of course, but often without the basic skills to classify and evaluate them. This twofold challenge is countered by a lack of subject-specific university didactics training and further education for teaching staff.<\/p>\n<!-- \/wp:paragraph -->\n\n<!-- wp:paragraph {\"translatedWithWPMLTM\":\"1\"} -->\n<p>This project has therefore set itself the goal of improving the teaching of skills in the use of digital methods in a sustainable and future-oriented manner in three steps: Reflection on the current situation, training and further education of mid-level academic staff, and development of a cross-epochal concept for the use of digital items in history teaching at the Department of History.<\/p>\n<!-- \/wp:paragraph -->\n<!-- \/wp:jgu\/accordion-item -->\n\n<!-- wp:jgu\/accordion-item {\"title\":\"Courses for International Students\",\"init\":false,\"slug\":\"studienangebote-fur-internationale-studierende\"} -->\n<!-- wp:paragraph {\"translatedWithWPMLTM\":\"1\"} -->\n<p>In conjunction with other disciplines at JGU, the Department of History offers courses designed to meet the specific learning needs of exchange students. These two-hour courses with changing topics every semester semester are supplemented by two-hour tutorials that introduce students to the basics of academic work in a German-speaking university context.<\/p>\n<!-- \/wp:paragraph -->\n\n<!-- wp:paragraph {\"translatedWithWPMLTM\":\"1\"} -->\n<p>Contact and more information: <a href=\"https:\/\/zeitgeschichte.uni-mainz.de\/wir-ueber-uns\/dr-pia-nordblom\/\" data-type=\"link\" data-id=\"https:\/\/zeitgeschichte.uni-mainz.de\/wir-ueber-uns\/dr-pia-nordblom\/\" target=\"_blank\" rel=\"noreferrer noopener\">Dr. Pia Nordblom<\/a>.<\/p>\n<!-- \/wp:paragraph -->\n\n<!-- wp:jgu\/button -->\n<!-- wp:jgu\/button-item {\"text\":\"Description of the project on the Nexus pages of the HRK\",\"styling\":\"default\",\"link\":{\"url\":\"https:\/\/www.hrk-nexus.de\/material\/gute-beispiele-und-konzepte-good-practice\/detailansicht\/meldung\/lehrveranstaltungen-fuer-incomings-3524\/\",\"linkTarget\":\"\",\"rel\":\"\",\"id\":\"https:\/\/www.hrk-nexus.de\/material\/gute-beispiele-und-konzepte-good-practice\/detailansicht\/meldung\/lehrveranstaltungen-fuer-incomings-3524\/\",\"title\":\"https:\/\/www.hrk-nexus.de\/material\/gute-beispiele-und-konzepte-good-practice\/detailansicht\/meldung\/lehrveranstaltungen-fuer-incomings-3524\/\",\"type\":\"link\",\"opensInNewTab\":true}} \/-->\n<!-- \/wp:jgu\/button -->\n<!-- \/wp:jgu\/accordion-item -->\n\n<!-- wp:jgu\/accordion-item {\"title\":\"Research-Oriented Teaching Projects\",\"init\":false,\"slug\":\"forschungsorientierte-lehrprojekte\"} -->\n<!-- wp:columns -->\n<div class=\"wp-block-columns\"><!-- wp:column {\"width\":\"66.66%\"} -->\n<div class=\"wp-block-column\" style=\"flex-basis:66.66%\"><!-- wp:paragraph {\"translatedWithWPMLTM\":\"1\"} -->\n<p>The Department of History has long been offering research-oriented teaching projects on a wide variety of topics from all eras in order to meet the motivation and commitment of students and to demonstrate historical scholarship beyond the subject-specific paths of a term paper. The Dies Legendi of the Gutenberg Teaching College in October 2015 gave the Department of History, along with the other subjects at Faculty 07, the opportunity to present a selection of these projects to a broader public interested in learning and teaching. Here are some snapshots from this event:<\/p>\n<!-- \/wp:paragraph --><\/div>\n<!-- \/wp:column -->\n\n<!-- wp:column {\"width\":\"33.33%\"} -->\n<div class=\"wp-block-column\" style=\"flex-basis:33.33%\"><!-- wp:jgu\/image-gallery {\"images\":[{\"url\":null,\"id\":13452},{\"url\":null,\"id\":13455},{\"url\":null,\"id\":13458}],\"withThumbs\":false,\"previewNext\":false} \/--><\/div>\n<!-- \/wp:column --><\/div>\n<!-- \/wp:columns -->\n\n<!-- wp:paragraph {\"translatedWithWPMLTM\":\"1\"} -->\n<p>The three posters of the Department of History can be found here:<\/p>\n<!-- \/wp:paragraph -->\n\n<!-- wp:list -->\n<ul><!-- wp:list-item -->\n<li><a href=\"https:\/\/cms.zdv.uni-mainz.de\/fb07-geschichte\/wp-content\/uploads\/sites\/330\/2025\/02\/Forschend_lernen_RAF.pdf\" data-type=\"link\" data-id=\"https:\/\/cms.zdv.uni-mainz.de\/fb07-geschichte\/wp-content\/uploads\/sites\/330\/2025\/02\/Forschend_lernen_RAF.pdf\" target=\"_blank\" rel=\"noreferrer noopener\">Die Rote Armee Fraktion (RAF) \u2013 Ein deutsches Trauma?<\/a><\/li>\n<!-- \/wp:list-item -->\n\n<!-- wp:list-item -->\n<li><a href=\"https:\/\/cms.zdv.uni-mainz.de\/fb07-geschichte\/wp-content\/uploads\/sites\/330\/2025\/02\/Forschend_lernen_mediaevistisch.pdf\" data-type=\"link\" data-id=\"https:\/\/cms.zdv.uni-mainz.de\/fb07-geschichte\/wp-content\/uploads\/sites\/330\/2025\/02\/Forschend_lernen_mediaevistisch.pdf\" target=\"_blank\" rel=\"noreferrer noopener\">Germanistisch-Historischer Arbeitskreis \u2013 Arbeit an mittelalterlichen und fr\u00fchneuzeitlichen Originalhandschriften in der Region<\/a><\/li>\n<!-- \/wp:list-item -->\n\n<!-- wp:list-item -->\n<li><a href=\"https:\/\/cms.zdv.uni-mainz.de\/fb07-geschichte\/wp-content\/uploads\/sites\/330\/2025\/02\/Forschend_lernen_osmanisch.pdf\" data-type=\"link\" data-id=\"https:\/\/cms.zdv.uni-mainz.de\/fb07-geschichte\/wp-content\/uploads\/sites\/330\/2025\/02\/Forschend_lernen_osmanisch.pdf\" target=\"_blank\" rel=\"noreferrer noopener\">Osmanisch-deutsche Verflechtungen und die Armeniergr\u00e4uel im Ersten Weltkrieg \u2013 ein Ausstellungsprojekt zum V\u00f6lkermord an den Armeniern<\/a><\/li>\n<!-- \/wp:list-item --><\/ul>\n<!-- \/wp:list -->\n<!-- \/wp:jgu\/accordion-item -->\n\n<!-- wp:jgu\/accordion-item {\"title\":\"\\u0022Geschichte k\u00f6nnen\\u0022 (GLK project of Gruppe 3)\",\"init\":false,\"slug\":\"geschichte-konnen-glk-projekt-der-gruppe-3\"} -->\n<!-- wp:jgu\/heading {\"index\":\"Teaching project\",\"tags\":{\"htmlTag\":\"h2\",\"classTag\":\"h4\",\"tag\":\"h2.h4\"},\"heading\":\"Geschichte k\u00f6nnen. \\u003cbr\\u003eImpulse zur Professionalisierung \\u003cbr\\u003eder Hochschuldidaktik in \\u003cbr\\u003egeschichtswissenschaftlichen Proseminaren\"} \/-->\n\n<!-- wp:media-text {\"mediaPosition\":\"right\",\"mediaId\":13476,\"mediaLink\":\"https:\/\/cms.zdv.uni-mainz.de\/fb07-geschichte\/studium-und-lehre\/projekte-in-studium-und-lehre\/12-06-14_2071_gesamt_klein\/\",\"mediaType\":\"image\",\"verticalAlignment\":\"center\",\"translatedWithWPMLTM\":\"1\"} -->\n<div class=\"wp-block-media-text has-media-on-the-right is-stacked-on-mobile is-vertically-aligned-center\"><div class=\"wp-block-media-text__content\"><!-- wp:paragraph {\"translatedWithWPMLTM\":\"1\"} -->\n<p><strong>Organizers: Dr. Andreas Frings, Dr. Christine Kleinjung, Dr. Andreas Linsenmann<\/strong><\/p>\n<!-- \/wp:paragraph -->\n\n<!-- wp:paragraph {\"translatedWithWPMLTM\":\"1\"} -->\n<p>Introductory seminars are considered a central element in the program of study in History, as they are characterized by a pronounced focus on skills: In them, students should be given the technical and subject-specific skills required for academic papers. The catalog of skills to be taught is continuously adapted and further developed. This is where the teaching project comes in. It aims to offer teaching staff sustainable impulses for reflection and knowledge. By systematically integrating the students' perspectives, the project also aims to raise awareness among teaching staff and improve the compatibility of the perspectives of both sides. To this end, three events were held in the 2012 summer semester to promote reflection and discussion. In the winter semester 2012\/13, the transfer into practice followed, flanked by forms of collegial exchange and competence-oriented surveys in the introductory seminars. There were also surveys on students' self-images and role expectations, which in turn were incorporated into the teaching methods. We plan to publish the results of the project.        <\/p>\n<!-- \/wp:paragraph -->\n\n<!-- wp:paragraph {\"translatedWithWPMLTM\":\"1\"} -->\n<p><strong>Student Assistants<\/strong>: Jelena Menderetska, Aline Breuer<\/p>\n<!-- \/wp:paragraph -->\n\n<!-- wp:jgu\/button -->\n<!-- wp:jgu\/button-item {\"text\":\"Report in the LuST-Magazine of JGU Mainz 03\/2013, p. 17 (PDF)\",\"icon\":\"download-solid\",\"link\":{\"url\":\"https:\/\/cms.zdv.uni-mainz.de\/fb07-geschichte\/wp-content\/uploads\/sites\/330\/2025\/02\/JGU_LuST_03_17.pdf\",\"linkTarget\":\"\",\"rel\":\"\",\"id\":\"https:\/\/cms.zdv.uni-mainz.de\/fb07-geschichte\/wp-content\/uploads\/sites\/330\/2025\/02\/JGU_LuST_03_17.pdf\",\"title\":\"https:\/\/cms.zdv.uni-mainz.de\/fb07-geschichte\/wp-content\/uploads\/sites\/330\/2025\/02\/JGU_LuST_03_17.pdf\",\"type\":\"link\",\"opensInNewTab\":true}} \/-->\n<!-- \/wp:jgu\/button -->\n\n<!-- wp:paragraph {\"translatedWithWPMLTM\":\"1\"} -->\n<p><strong>Contact<\/strong><\/p>\n<!-- \/wp:paragraph -->\n\n<!-- wp:list -->\n<ul><!-- wp:list-item {\"translatedWithWPMLTM\":\"1\"} -->\n<li><a href=\"https:\/\/www.geschichte.uni-mainz.de\/en\/learning-and-teaching\/management-of-course-of-studies\/\" data-type=\"page\" data-id=\"9318\" target=\"_blank\" rel=\"noreferrer noopener\">Dr. Andreas Frings<\/a><\/li>\n<!-- \/wp:list-item -->\n\n<!-- wp:list-item {\"translatedWithWPMLTM\":\"1\"} -->\n<li><a href=\"https:\/\/www.geschichte.uni-mainz.de\/en\/learning-and-teaching\/deputy-studies-manager\/\" data-type=\"page\" data-id=\"9324\" target=\"_blank\" rel=\"noreferrer noopener\">Dr. Andreas Linsenmann<\/a><\/li>\n<!-- \/wp:list-item --><\/ul>\n<!-- \/wp:list --><\/div><figure class=\"wp-block-media-text__media\"><img src=\"https:\/\/cms.zdv.uni-mainz.de\/fb07-geschichte\/wp-content\/uploads\/sites\/330\/2025\/02\/12-06-14_2071_Gesamt_klein.jpg\" alt=\"\" class=\"wp-image-13476 size-full\" \/><\/figure><\/div>\n<!-- \/wp:media-text -->\n<!-- \/wp:jgu\/accordion-item -->\n\n<!-- wp:jgu\/accordion-item {\"title\":\"Further Development of the Academic Advisory Office (LOB project, Teaching Quality Pact)\",\"init\":false,\"slug\":\"weiterentwicklung-der-studienfachberatung-lob-projekt-qualitatspakt-lehre\"} -->\n<!-- wp:media-text {\"mediaPosition\":\"right\",\"mediaId\":10361,\"mediaLink\":\"https:\/\/cms.zdv.uni-mainz.de\/fb07-geschichte\/studium-und-lehre\/studienfachberatung\/lob_symbole_mit_logo_und_bmbf\/\",\"mediaType\":\"image\",\"translatedWithWPMLTM\":\"1\"} -->\n<div class=\"wp-block-media-text has-media-on-the-right is-stacked-on-mobile\"><div class=\"wp-block-media-text__content\"><!-- wp:paragraph {\"translatedWithWPMLTM\":\"1\"} -->\n<p><strong>Project manager: Dr. Andreas Frings<\/strong><\/p>\n<!-- \/wp:paragraph -->\n\n<!-- wp:jgu\/button -->\n<!-- wp:jgu\/button-item {\"text\":\"Further information on the overall project (LOB project) \",\"link\":{\"url\":\"https:\/\/www.lob.uni-mainz.de\/\",\"linkTarget\":\"\",\"rel\":\"\",\"id\":\"https:\/\/www.lob.uni-mainz.de\/\",\"title\":\"https:\/\/www.lob.uni-mainz.de\/\",\"type\":\"link\",\"opensInNewTab\":true}} \/-->\n<!-- \/wp:jgu\/button -->\n\n<!-- wp:paragraph {\"translatedWithWPMLTM\":\"1\"} -->\n<p>Since the end of 2012, the Department of History has continuously expanded the services of its academic advisory office, aligning them with the needs of history students in the various phases of their studies, as well as the transition phases between school, university, and the transition to a profession. Individual advising is accompanied by information events, mentoring offers and professional orientation measures. Further steps are planned for the second project phase from 2017\u20132020:<\/p>\n<!-- \/wp:paragraph -->\n\n<!-- wp:paragraph {\"translatedWithWPMLTM\":\"1\"} -->\n<p><strong>Measures (selection)<\/strong><\/p>\n<!-- \/wp:paragraph -->\n\n<!-- wp:list -->\n<ul><!-- wp:list-item {\"translatedWithWPMLTM\":\"1\"} -->\n<li>Establishment of peer-to-peer workshops for exam preparation in the first academic year<\/li>\n<!-- \/wp:list-item -->\n\n<!-- wp:list-item {\"translatedWithWPMLTM\":\"1\"} -->\n<li>Establishment of an (extracurricular) subject-specific offer for master's degree students<\/li>\n<!-- \/wp:list-item -->\n\n<!-- wp:list-item {\"translatedWithWPMLTM\":\"1\"} -->\n<li>Internationalization at home, including accompanying and supporting (international) student conferences<\/li>\n<!-- \/wp:list-item -->\n\n<!-- wp:list-item {\"translatedWithWPMLTM\":\"1\"} -->\n<li>Extension of introductory seminar tutorials through writing support in peer learning<\/li>\n<!-- \/wp:list-item -->\n\n<!-- wp:list-item {\"translatedWithWPMLTM\":\"1\"} -->\n<li>Expansion of the range of events for career orientation<\/li>\n<!-- \/wp:list-item --><\/ul>\n<!-- \/wp:list -->\n\n<!-- wp:paragraph {\"translatedWithWPMLTM\":\"1\"} -->\n<p>If you have any suggestions, please contact Dr. Freia Anders directly.<\/p>\n<!-- \/wp:paragraph -->\n\n<!-- wp:jgu\/idm-person {\"id\":\"3359\",\"organizationId\":2025,\"roleId\":40} \/-->\n\n<!-- wp:paragraph {\"translatedWithWPMLTM\":\"1\"} -->\n<p>LOB project, funding code 01PL17055: This project is funded by the federal ministry of education and research under the funding code 01PL17055. The author is responsible for the content of this publication.<\/p>\n<!-- \/wp:paragraph --><\/div><figure class=\"wp-block-media-text__media\"><img src=\"https:\/\/cms.zdv.uni-mainz.de\/fb07-geschichte\/wp-content\/uploads\/sites\/330\/2024\/09\/LOB_Symbole_mit_Logo_und_BMBF-1024x201.jpg\" alt=\"\" class=\"wp-image-10361 size-full\" \/><\/figure><\/div>\n<!-- \/wp:media-text -->\n<!-- \/wp:jgu\/accordion-item -->\n\n<!-- wp:jgu\/accordion-item {\"title\":\"Peer Observation (project of the Center for Quality Assurance and Development)\",\"init\":false,\"slug\":\"kollegiale-hospitation-zq-projekt\"} -->\n<!-- wp:paragraph {\"translatedWithWPMLTM\":\"1\"} -->\n<p>JGU won the 2009 Rhineland-Palatinate Teaching Excellence Competition with its concept for the strategic direction of teaching and further development of teaching skills (\"Strategischen Ausrichtung der Lehre und Weiterentwicklung der Lehrkompetenz an der Johannes Gutenberg-Universit\u00e4t Mainz\"). At the heart of this concept is a comprehensive university didactics approach, which was initially tested in the subjects of Biology, German Studies, and History. The aim is to further develop teaching skills with the help of university didactics courses and to grant the opportunity for collegial exchange (both within and across disciplines) on teaching issues in order to do justice to the simultaneity of individual and collective responsibility for teaching. The program spanned three semesters and was essentially composed of the following program elements:<\/p>\n<!-- \/wp:paragraph -->\n\n<!-- wp:paragraph -->\n<p><strong>Workshops<\/strong><\/p>\n<!-- \/wp:paragraph -->\n\n<!-- wp:paragraph {\"translatedWithWPMLTM\":\"1\"} -->\n<p>University didactics principles for implementing the \u201cshift from teaching to learning\u201d<\/p>\n<!-- \/wp:paragraph -->\n\n<!-- wp:paragraph {\"translatedWithWPMLTM\":\"1\"} -->\n<p>Specialization in subject didactics in line with the topics requested by the participants<\/p>\n<!-- \/wp:paragraph -->\n\n<!-- wp:paragraph {\"translatedWithWPMLTM\":\"1\"} -->\n<p><strong>Disciplinary work shadowing<\/strong><\/p>\n<!-- \/wp:paragraph -->\n\n<!-- wp:paragraph {\"translatedWithWPMLTM\":\"1\"} -->\n<p>Individual, practical implementation of the course content<\/p>\n<!-- \/wp:paragraph -->\n\n<!-- wp:paragraph {\"translatedWithWPMLTM\":\"1\"} -->\n<p>In groups of two, one session per member of teaching staff: preliminary discussion, mutual attendance at sessions (by mutual agreement), and debriefing<\/p>\n<!-- \/wp:paragraph -->\n\n<!-- wp:paragraph {\"translatedWithWPMLTM\":\"1\"} -->\n<p><strong>Collegial practical advice<\/strong><\/p>\n<!-- \/wp:paragraph -->\n\n<!-- wp:paragraph {\"translatedWithWPMLTM\":\"1\"} -->\n<p>Discussion of experiences on tandem work<\/p>\n<!-- \/wp:paragraph -->\n\n<!-- wp:paragraph {\"translatedWithWPMLTM\":\"1\"} -->\n<p>Forum for overarching and situation-specific teaching issues<\/p>\n<!-- \/wp:paragraph -->\n\n<!-- wp:paragraph {\"translatedWithWPMLTM\":\"1\"} -->\n<p><strong>Interdisciplinary presentation training<\/strong><\/p>\n<!-- \/wp:paragraph -->\n\n<!-- wp:paragraph {\"translatedWithWPMLTM\":\"1\"} -->\n<p>Basics of presentation design, breathing, speaking, and body language<\/p>\n<!-- \/wp:paragraph -->\n\n<!-- wp:paragraph {\"translatedWithWPMLTM\":\"1\"} -->\n<p>Own presentation with video recording and collegial feedback<\/p>\n<!-- \/wp:paragraph -->\n\n<!-- wp:paragraph {\"translatedWithWPMLTM\":\"1\"} -->\n<p><strong>Interdisziplinary work shadowing<\/strong><\/p>\n<!-- \/wp:paragraph -->\n\n<!-- wp:paragraph {\"translatedWithWPMLTM\":\"1\"} -->\n<p>Mutual course visits in groups of three members of teaching staff with subsequent feedback to the lecturers<\/p>\n<!-- \/wp:paragraph -->\n\n<!-- wp:paragraph {\"translatedWithWPMLTM\":\"1\"} -->\n<p>The individual elements are regularly evaluated for quality assurance purposes. <\/p>\n<!-- \/wp:paragraph -->\n\n<!-- wp:jgu\/button -->\n<!-- wp:jgu\/button-item {\"text\":\"Homepage of the Center for Quality Assurance and Development\",\"link\":{\"url\":\"https:\/\/www.zq.uni-mainz.de\/\",\"linkTarget\":\"\",\"rel\":\"\",\"id\":\"https:\/\/www.zq.uni-mainz.de\/\",\"title\":\"https:\/\/www.zq.uni-mainz.de\/\",\"type\":\"link\",\"opensInNewTab\":true}} \/-->\n<!-- \/wp:jgu\/button -->\n<!-- \/wp:jgu\/accordion-item -->\n<!-- \/wp:jgu\/accordion --><\/div><\/div>\n<!-- \/wp:jgu\/section -->","_links":{"self":[{"href":"https:\/\/www.geschichte.uni-mainz.de\/en\/wp-json\/wp\/v2\/pages\/16708","targetHints":{"allow":["GET"]}}],"collection":[{"href":"https:\/\/www.geschichte.uni-mainz.de\/en\/wp-json\/wp\/v2\/pages"}],"about":[{"href":"https:\/\/www.geschichte.uni-mainz.de\/en\/wp-json\/wp\/v2\/types\/page"}],"author":[{"embeddable":true,"href":"https:\/\/www.geschichte.uni-mainz.de\/en\/wp-json\/wp\/v2\/users\/750"}],"replies":[{"embeddable":true,"href":"https:\/\/www.geschichte.uni-mainz.de\/en\/wp-json\/wp\/v2\/comments?post=16708"}],"version-history":[{"count":9,"href":"https:\/\/www.geschichte.uni-mainz.de\/en\/wp-json\/wp\/v2\/pages\/16708\/revisions"}],"predecessor-version":[{"id":19339,"href":"https:\/\/www.geschichte.uni-mainz.de\/en\/wp-json\/wp\/v2\/pages\/16708\/revisions\/19339"}],"up":[{"embeddable":true,"href":"https:\/\/www.geschichte.uni-mainz.de\/en\/wp-json\/wp\/v2\/pages\/16413"}],"wp:attachment":[{"href":"https:\/\/www.geschichte.uni-mainz.de\/en\/wp-json\/wp\/v2\/media?parent=16708"}],"wp:term":[{"taxonomy":"category","embeddable":true,"href":"https:\/\/www.geschichte.uni-mainz.de\/en\/wp-json\/wp\/v2\/categories?post=16708"},{"taxonomy":"post_tag","embeddable":true,"href":"https:\/\/www.geschichte.uni-mainz.de\/en\/wp-json\/wp\/v2\/tags?post=16708"}],"curies":[{"name":"wp","href":"https:\/\/api.w.org\/{rel}","templated":true}]}}